{"id":1007,"date":"2019-12-26T22:28:14","date_gmt":"2019-12-26T21:28:14","guid":{"rendered":"https:\/\/pilarsantfrancesc.es\/val\/?page_id=1007"},"modified":"2026-01-16T13:59:18","modified_gmt":"2026-01-16T12:59:18","slug":"any-2020-21","status":"publish","type":"page","link":"https:\/\/pilarsantfrancesc.es\/val\/esbossos\/any-2020-21\/","title":{"rendered":"Any 2020+1"},"content":{"rendered":"\n<p style=\"text-align:justify\">Ac\u00ed teniu els esbossos que es varen presentar en la nostra Agrupaci\u00f3 el 21 de decembre de 2019 en la <strong>IX Exposici\u00f3 d\u2019Esbossos de l\u2019Agrupaci\u00f3<\/strong>, que es varen plantar en les nostres demarcacions del 1 al 5 de setembre de 2021: (Fotos de <a href=\"https:\/\/photos.app.goo.gl\/VvvfnPuwbyN8hjAo7\">ALEJANDRO VICENT ANDR\u00c9S<\/a>) i els premis que varen obtindre.<\/p>\n\n\n\n<h3 class=\"wp-block-heading has-text-align-center\">Falla Murillo i Palomar<\/h3>\n\n\n\n<figure class=\"wp-block-gallery has-nested-images columns-2 is-cropped wp-block-gallery-1 is-layout-flex wp-block-gallery-is-layout-flex\">\n<figure class=\"wp-block-image size-large\"><img decoding=\"async\" src=\"https:\/\/lh3.googleusercontent.com\/pw\/AJFCJaWTg8loGOfcPWrUSFVOxwvJ4pI6wGh567JLL1j_L3I_FyvUfuHopkLV7sL_Q-ND2OpEXgC3UUVZUGO1403Fvt4f-ixf4ltcDz0GxFoe9vf59opfOWadtC9UQQgYT01dC1dpP4BASOmaBshjJPAVKsmibg=w1002-h1418-s-no?authuser=0\" alt=\"\"\/><\/figure>\n\n\n\n<figure class=\"wp-block-image size-large\"><img decoding=\"async\" src=\"https:\/\/lh3.googleusercontent.com\/pw\/AJFCJaUQonavhQb49MIoteYqTS_R0ulEJGf26p74mPR4PP83QgsTDFje6abDDDSpoFMncXWjpqZYYoUhFzuqrVSCKouaJxB6OTJVEw7FdjnLPYrwuwpnSeLxtN5lCh6y6fUnB3DD4hT0MscRDnfQRCfYf8moRw=w984-h1418-s-no?authuser=0\" alt=\"\"\/><\/figure>\n\n\n\n<figure class=\"wp-block-image size-large\"><img decoding=\"async\" src=\"https:\/\/lh3.googleusercontent.com\/pw\/AM-JKLUFBbh7avXjAFJK1uR6REuM0TZxJrsGjPlGdnPQJS-GLpBqGQOY3tj37KpMvxcA2BAW_mjyZYFSN4_FFOGNMEYrNwcG4MXJ3UyPo5xNz1ziHy6TyYJDdAoXvfAzSklGb8jKkecKaje8eNVEG1h4doGmoA=w2056-h1370-no?authuser=0\" alt=\"\"\/><\/figure>\n\n\n\n<figure class=\"wp-block-image size-large\"><img decoding=\"async\" src=\"https:\/\/lh3.googleusercontent.com\/pw\/AM-JKLWBOsmE9yV7A2BHgnHJ7Hs9DWIVwpzO71JVGf2FIWT3FlDxkd3buuSHTe7Od0z4Kx5msa8-LxPoab1V9dauFdwIyWbvbGsgenb0XKK31kYaFQUXvLNsqdsG8VvMNNswSgubqKBFrVmoms-Io6gzsSa-TQ=w914-h1370-no?authuser=0\" alt=\"\"\/><\/figure>\n<\/figure>\n\n\n\n<div class=\"wp-block-columns has-2-columns is-layout-flex wp-container-core-columns-is-layout-9d6595d7 wp-block-columns-is-layout-flex\">\n<div class=\"wp-block-column is-layout-flow wp-block-column-is-layout-flow\">\n<p><strong>LEMA:<\/strong> &#8220;\u00a1\u00a1\u00a1Pim, pam, pum&#8230; traca!!!&#8221;<br><strong>ARTISTE:<\/strong> Adri\u00e0 Forner i Garc\u00eda<br><strong>SECCI\u00d3:<\/strong> 7\u00aaC<br><strong>PREMI:<\/strong> 7m. Premi Secci\u00f3<\/p>\n<\/div>\n\n\n\n<div class=\"wp-block-column is-layout-flow wp-block-column-is-layout-flow\">\n<p><strong>LEMA:<\/strong> &#8220;Carme i un Velluter, romano faller&#8221;<br><strong>ARTISTE:<\/strong> Sevior &amp; Priol Arts<br><strong>SECCI\u00d3:<\/strong> 21\u00aa<br><strong>PREMI:<\/strong> 4t. Premi Secci\u00f3<\/p>\n<\/div>\n<\/div>\n\n\n\n<h3 class=\"wp-block-heading has-text-align-center\">Falla Avinguda de l&#8217;Oest &#8220;Els Velluters&#8221;<\/h3>\n\n\n\n<figure class=\"wp-block-gallery has-nested-images columns-2 wp-block-gallery-2 is-layout-flex wp-block-gallery-is-layout-flex\">\n<figure class=\"wp-block-image size-large\"><img decoding=\"async\" src=\"https:\/\/lh3.googleusercontent.com\/pw\/AJFCJaXUAuK4PfaIJirbwQKk_CpDbRTiHUadxH9ODxWuL9NkcxQe37cpcy8KN-WhRbeJmWo8j1Fcuz3np-9ATCBELnFsce6LY51j-n9pgBKIzTPMpjmUR529se_7qNIbHJtljgizsXvP82daJgoF5quCmL_5rA=w1002-h1418-s-no?authuser=0\" alt=\"\"\/><\/figure>\n\n\n\n<figure class=\"wp-block-image size-large\"><img decoding=\"async\" src=\"https:\/\/lh3.googleusercontent.com\/pw\/AJFCJaVgcjm_scMoHarSXyp-VU04UtydnPCGzx1Ycqk6sEIL5JiiBlCcyOP5D44v9gSqWeeUUFMuHYq_vCIQ8Dmh8A31xjxjmm-tM7DM8MWakdn2qEGiVMWTrkGpakaaEhOXAjZDKSQbgR-QFny5zJ6dOJaTYQ=w650-h650-s-no?authuser=0\" alt=\"\"\/><\/figure>\n\n\n\n<figure class=\"wp-block-image size-large\"><img decoding=\"async\" src=\"https:\/\/lh3.googleusercontent.com\/pw\/AM-JKLUArdxDJ8Os_1Qidj_q4X2oUz2MYXAhtj3kE4GPwAR2KRBZfK0wiXmn36xvioEGJCm28VOn_GHL_x4_t19JxpSxvtY9aQKhIRQmFKqWcKdyYoEKWLGRzahQdPqdsTrJSu_9AhwlA8-cuCK1tA1k0Yel3Q=w2056-h1370-no?authuser=0\" alt=\"\"\/><\/figure>\n\n\n\n<figure class=\"wp-block-image size-large\"><img decoding=\"async\" src=\"https:\/\/lh3.googleusercontent.com\/pw\/AM-JKLWYsDRf2uRp_V2BzRtM7ERKz6dVyQCxWK91nyEu3Fcptj7f-XHu3q4omUpt3kePOpFreG82ieEo-yltZPGi5iAu8d7vRnUya7EwbC31wYd_qm1YLjacp6dATwB-NXu2uz9tvSiqXkhOXk98hAj-BJX9OQ=w2056-h1370-no?authuser=0\" alt=\"\"\/><\/figure>\n<\/figure>\n\n\n\n<div class=\"wp-block-columns has-2-columns is-layout-flex wp-container-core-columns-is-layout-9d6595d7 wp-block-columns-is-layout-flex\">\n<div class=\"wp-block-column is-layout-flow wp-block-column-is-layout-flow\">\n<p><strong>LEMA:<\/strong> &#8220;Zen per Zen. Falla100%&#8221;<br><strong>ARTISTE:<\/strong> Paco Torres<br><strong>SECCI\u00d3:<\/strong> 2\u00aaA<br><strong>PREMI:<\/strong> 3r. Premi Secci\u00f3<\/p>\n<\/div>\n\n\n\n<div class=\"wp-block-column is-layout-flow wp-block-column-is-layout-flow\">\n<p><strong>LEMA:<\/strong> &#8220;El meu amic Domingo&#8221;<br><strong>ARTISTE:<\/strong> Emilio Tamarit i Sim\u00f3n<br><strong>SECCI\u00d3:<\/strong> 4\u00aa<br><strong>PREMI:<\/strong> 9\u00e9. Premi Secci\u00f3<\/p>\n<\/div>\n<\/div>\n\n\n\n<h3 class=\"wp-block-heading has-text-align-center\">Falla Bolseria Tros-Alt<\/h3>\n\n\n\n<figure class=\"wp-block-gallery has-nested-images columns-2 wp-block-gallery-3 is-layout-flex wp-block-gallery-is-layout-flex\">\n<figure class=\"wp-block-image size-large\"><img decoding=\"async\" src=\"https:\/\/lh3.googleusercontent.com\/pw\/AJFCJaWbAH0E5kK3FfmRTvNg205kKIt8WfRmQz3hPNFD8rm-gxxp3T_iC0aeJy8O76OWNy9Nok7T6MaPXHLGzZzjDN-OMXGz44yxE_VaHaNM0kSLuQT03V6ww8m7xRlgM4lnUfpC43avenANGRcwih3z8ZRdVA=w764-h1080-s-no?authuser=0\" alt=\"\"\/><\/figure>\n\n\n\n<figure class=\"wp-block-image size-large\"><img decoding=\"async\" src=\"https:\/\/lh3.googleusercontent.com\/pw\/AJFCJaWvhpjvelZIW5p045dyfqNn2gURo9BiGr9nnW7mCpCdRgg3vYIqL4y4H5TgysttXPuRZ1Wa1GIfB9Y759GQmGEMfWrWK66jSfbq5x3CeX8fvMzaHfyf4BHVzxtUrJa5jjLW6MMvMNpirb2F3arbhe_G6A=w746-h1080-s-no?authuser=0\" alt=\"\"\/><\/figure>\n\n\n\n<figure class=\"wp-block-image size-large\"><img decoding=\"async\" src=\"https:\/\/lh3.googleusercontent.com\/pw\/AM-JKLXKK9E-3Wmpq0OwcIkjzieVDEEMuPe5mTRaj38_bsmi9qNtAfirIrTSJp9th-pp5Lh5rJrwMjJEYQ_iyNpxKc815vh54THf0umLj8wIj3YeNN9524Wz_HyYTDIE6rzj_ZtN-v-gBshh9Gjr2tBLytvv2g=w914-h1370-no?authuser=0\" alt=\"\"\/><\/figure>\n\n\n\n<figure class=\"wp-block-image size-large\"><img decoding=\"async\" src=\"https:\/\/lh3.googleusercontent.com\/pw\/AIL4fc8JReWB7kieZPpxx_sIM6lvUrpn2YyAKZxj6EbmlxcMqq33Ich_8ABo3TzkqQatNUjzt6fW5i01Y2xEo7C5Q5tx6bWmyp5qFCsMjyFhDFelRDVRLzOMMViyvK55Ie0HY13wubskD2mr7MW8cq7JZkiAWw=w640-h426-s-no?authuser=1\" alt=\"\"\/><\/figure>\n<\/figure>\n\n\n\n<div class=\"wp-block-columns has-2-columns is-layout-flex wp-container-core-columns-is-layout-9d6595d7 wp-block-columns-is-layout-flex\">\n<div class=\"wp-block-column is-layout-flow wp-block-column-is-layout-flow\">\n<p><strong>LEMA:<\/strong> &#8220;Hist\u00f2ries de pomes&#8221;<br><strong>ARTISTE:<\/strong> Art en Foc (Enrique Iborra i Jes\u00fas de la Hoz)<br><strong>SECCI\u00d3:<\/strong> 2\u00aaB<br><strong>PREMI:<\/strong> 14\u00ba Premi Secci\u00f3 <\/p>\n<\/div>\n\n\n\n<div class=\"wp-block-column is-layout-flow wp-block-column-is-layout-flow\">\n<p><strong>LEMA:<\/strong> &#8220;Aquella chiqueta del 76&#8221;<br><strong>ARTISTE:<\/strong> Vicente Almela i Caballe<br><strong>SECCI\u00d3:<\/strong> 9\u00aa<br><strong>PREMIS:<\/strong> 2n. Premi Secci\u00f3 i 3r. Premi Ingeni i Gr\u00e0cia<\/p>\n<\/div>\n<\/div>\n\n\n\n<h3 class=\"wp-block-heading has-text-align-center\">Falla Quart i Palomar<\/h3>\n\n\n\n<figure class=\"wp-block-gallery has-nested-images columns-2 is-cropped wp-block-gallery-4 is-layout-flex wp-block-gallery-is-layout-flex\">\n<figure class=\"wp-block-image size-large\"><img decoding=\"async\" src=\"https:\/\/lh3.googleusercontent.com\/pw\/AJFCJaXrG-mfQTh2WAKZo2df_Sjyzul7h_w0YIOhtq7nqbSq9_ktXKnU4nBk4-W-cdO_1ryZvnis_fjh0DV53JbaQ1Gt5lnqIat8M1nX2g-6UeDWTNgxtRTinX5sByw_TBAr5uj58wG75cepY4SLdGEjSu93Pg=w650-h922-s-no?authuser=0\" alt=\"\"\/><\/figure>\n\n\n\n<figure class=\"wp-block-image size-large\"><img decoding=\"async\" src=\"https:\/\/lh3.googleusercontent.com\/pw\/AJFCJaV2GJlGqKgyrph9YOA_BnKuwA-N0tMVQ2VSVCB4w2qa22Htx-7FCWdOMsnWubRk0Vz9KY1X0lYbRh-TZZGVLE8_ObOkJ30LmOYPzbY3LMoLDLENDB0LnFsgFOqODIfbDpZAhDiMrNaabtiV2oLmnJgH3A=w650-h920-s-no?authuser=0\" alt=\"\"\/><\/figure>\n\n\n\n<figure class=\"wp-block-image size-large\"><img decoding=\"async\" src=\"https:\/\/lh3.googleusercontent.com\/pw\/AM-JKLWbnPe6YtIo0E2XtW7u2zHlfgJLlaMvNrNVEi8ub_pTfQA6RTLcYtjIf7mq9_ZQSNO5GJqMvgiVnwxM4v4iXvFjqixXvpa0h3fGyDPgBT5p8ykOqXxYP72zljDsMXZoCfvjqr8K3lVgASqnsEyB_bkemg=w914-h1370-no?authuser=0\" alt=\"\"\/><\/figure>\n\n\n\n<figure class=\"wp-block-image size-large\"><img decoding=\"async\" src=\"https:\/\/lh3.googleusercontent.com\/pw\/AM-JKLV1imznlJNg25Msqhh0IDS1kdnXTlUHg7ZyK0mCFUBcuZ9xNVNQ5WPeMZxIHiz8SZefMigR6Yvdw2YKnaOg0E-fYDyfl7Ql0PFvHDI3m6mDGwfpoR5JSZz0dQccHqdVh1mX4Vapxv4CLMiw7yOmAFgwig=w914-h1370-no?authuser=0\" alt=\"\"\/><\/figure>\n<\/figure>\n\n\n\n<div class=\"wp-block-columns has-2-columns is-layout-flex wp-container-core-columns-is-layout-9d6595d7 wp-block-columns-is-layout-flex\">\n<div class=\"wp-block-column is-layout-flow wp-block-column-is-layout-flow\">\n<p><strong>LEMA:<\/strong> &#8220;Quina sorteta la meua&#8221;<br><strong>ARTISTE:<\/strong> Paco Torres<br><strong>SECCI\u00d3:<\/strong> 1\u00aaA<br><strong>PREMI:<\/strong> 4t. Premi Secci\u00f3 <\/p>\n<\/div>\n\n\n\n<div class=\"wp-block-column is-layout-flow wp-block-column-is-layout-flow\">\n<p><strong>LEMA:<\/strong> &#8220;Pol\u00edtic Zombies&#8221;<br><strong>ARTISTE:<\/strong> Gabriel Escalera<br><strong>SECCI\u00d3:<\/strong> 8\u00aa<br><strong>PREMI:<\/strong> 6t. Premi Secci\u00f3<\/p>\n<\/div>\n<\/div>\n\n\n\n<h3 class=\"wp-block-heading has-text-align-center\">Falla Peu de la Creu &#8211; En Joan de Vilarrasa<\/h3>\n\n\n\n<figure class=\"wp-block-gallery has-nested-images columns-2 wp-block-gallery-5 is-layout-flex wp-block-gallery-is-layout-flex\">\n<figure class=\"wp-block-image size-large\"><img decoding=\"async\" src=\"https:\/\/lh3.googleusercontent.com\/pw\/AJFCJaUTwJVxF_d2mDTPyPvz4OAL3KwZxk5GrHpxmMMlE1mFZx13_937oFd6WJzewfQSyU1jT7GWSXVuuM5CF96chGHyfrQVR97FwXu7IXsSO4DIM_yQsMH3E8atQSYQ4qlaE4HSTNs7PFUjYLJ3lazMQSRshg=w650-h920-s-no?authuser=0\" alt=\"\"\/><\/figure>\n\n\n\n<figure class=\"wp-block-image size-large\"><img decoding=\"async\" src=\"https:\/\/lh3.googleusercontent.com\/pw\/AJFCJaXZJm1po6LS32gLSvmDYAIfnBDREYBID_GI3czYx_EaUPxKvlMmfxDvq7xSdCP39uZVqHr5CPFf35u1V1JtTcdN6Tj0PGKBCvDO2Y9Ph_0xGxmPOTnGSzXGXLkAPu7uFTMB3vCURg0SzVBW6dPqCmx0eA=w650-h894-s-no?authuser=0\" alt=\"\"\/><\/figure>\n\n\n\n<figure class=\"wp-block-image size-large\"><img decoding=\"async\" src=\"https:\/\/lh3.googleusercontent.com\/pw\/AM-JKLXQ8_HM3fMZi0HeMaASV8ihWgcgu0AIrCg-2_FKDJc_SGqQccJkoH7fF9NdQA4xBEN2rKM8UB_fMNBUt0AFv0Pi3ORMOaQRnv_l2R_dFGM5tYYaeKTqVnRMj1bJ5Q1cq0Hdv_rm7sUgYDZxRSlxmvod3w=w914-h1370-no?authuser=0\" alt=\"\"\/><\/figure>\n\n\n\n<figure class=\"wp-block-image size-large\"><img decoding=\"async\" src=\"https:\/\/lh3.googleusercontent.com\/pw\/AM-JKLWE24p2jfRSvpjOyu21Ah7cBifKX67f0v6Q5NJNa1P5fQLgpHK3UnqhtnOc-xspb2Rh5crAzDue7KYbsj01vvMPl-vpaVgpWIjBIhZAuwo3QJ7OatOTeCM_m0U6KgROjf-rXP5UCRBebM4ZNygRXfKqdg=w2056-h1370-no?authuser=0\" alt=\"\"\/><\/figure>\n<\/figure>\n\n\n\n<div class=\"wp-block-columns has-2-columns is-layout-flex wp-container-core-columns-is-layout-9d6595d7 wp-block-columns-is-layout-flex\">\n<div class=\"wp-block-column is-layout-flow wp-block-column-is-layout-flow\">\n<p><strong>LEMA:<\/strong> &#8220;Sense fum no hi ha llum&#8221;<br><strong>ARTISTE:<\/strong> Santaeulalia Tematizaci\u00f3n<br><strong>SECCI\u00d3:<\/strong> 2\u00aaA<br><strong>PREMI:<\/strong> 13\u00ba Premi Secci\u00f3<\/p>\n<\/div>\n\n\n\n<div class=\"wp-block-column is-layout-flow wp-block-column-is-layout-flow\">\n<p><strong>LEMA:<\/strong> &#8220;Minus \u00e9s m\u00e9s v\u00e0lid&#8221;<br><strong>ARTISTE:<\/strong> Borja Llorens i Mata<br><strong>SECCI\u00d3:<\/strong> 3\u00aa<br><strong>PREMIS:<\/strong> <strong>1r. Premi Secci\u00f3<\/strong> i 2n. Premi Ingeni i Gr\u00e0cia<\/p>\n<\/div>\n<\/div>\n\n\n\n<h3 class=\"wp-block-heading has-text-align-center\">Falla Pla\u00e7a del Pilar<\/h3>\n\n\n\n<figure class=\"wp-block-gallery has-nested-images columns-2 wp-block-gallery-6 is-layout-flex wp-block-gallery-is-layout-flex\">\n<figure class=\"wp-block-image size-large\"><img decoding=\"async\" src=\"https:\/\/lh3.googleusercontent.com\/pw\/AJFCJaXlfDLf_QIeKyM_OlJ_H_x728CLSnxT0qnDdsqiD5PjMrlcrKhKrriesnW-zbsY-w-Tu60AzLt6WeYIM91zaLkn8_14uLJx77z3o_6XYBUo-vrNJOBYq1SU1Yu2S980ZhZQ7H-NUv9ZkIfqxj4k-Fzzow=w650-h920-s-no?authuser=0\" alt=\"\"\/><\/figure>\n\n\n\n<figure class=\"wp-block-image size-large\"><img decoding=\"async\" src=\"https:\/\/lh3.googleusercontent.com\/pw\/AJFCJaXzzUj87PrQqye9wyj2t3Wpr1CXwbD6Ql9J3VNfQmeIz-sGaq_6Wz3BtPnyUkwl3-r2hpYrbFXKV2z6LnwZ_1npjr4ctehwov7lis-YsvtEwcM64E5nRDXETx34Q1pCytLiyX9PheSElM4nQ-hR60I6wA=w650-h860-s-no?authuser=0\" alt=\"\"\/><\/figure>\n\n\n\n<figure class=\"wp-block-image size-large\"><img decoding=\"async\" src=\"https:\/\/lh3.googleusercontent.com\/pw\/AM-JKLX6XTOusDRVKu7tjUEwf440tegff_sD5m-hB951-tDzHVliYBzNMwA4A3IzS0LOhnT5OGuf4nNQnQdPwcXX3voKjLmpt134Wn5Q1NVC-Lu7iVKFwqvzhx_ccXnG42sZ0AmoUsch6wVcAXM7vJS6KDhUJw=w914-h1370-no?authuser=0\" alt=\"\"\/><\/figure>\n\n\n\n<figure class=\"wp-block-image size-large\"><img data-recalc-dims=\"1\" decoding=\"async\" src=\"https:\/\/i0.wp.com\/www.cendradigital.com\/wp-content\/uploads\/Falla-infantil-Plaza-Pilar-2021-1-.jpg?w=640\" alt=\"\"\/><\/figure>\n<\/figure>\n\n\n\n<div class=\"wp-block-columns has-2-columns is-layout-flex wp-container-core-columns-is-layout-9d6595d7 wp-block-columns-is-layout-flex\">\n<div class=\"wp-block-column is-layout-flow wp-block-column-is-layout-flow\">\n<p><strong>LEMA:<\/strong> &#8220;\u00a1A cazar gamusinos! (i l&#8217;efecte cassola)&#8221;<br><strong>ARTISTE:<\/strong> Paco Torres Jos\u00e1<br><strong>SECCI\u00d3:<\/strong> Especial<br><strong>PREMIS:<\/strong> 2n. Premi Secci\u00f3, 3r. Premi Ingeni i Gr\u00e0cia i <strong>1r. Premi Granota.<\/strong><\/p>\n<\/div>\n\n\n\n<div class=\"wp-block-column is-layout-flow wp-block-column-is-layout-flow\">\n<p><strong>LEMA:<\/strong> &#8220;Terreta&#8221;<br><strong>ARTISTE:<\/strong> Xavier Gurrea (Cap de Suro)<br><strong>SECCI\u00d3:<\/strong> 1\u00aa<br><strong>PREMIS:<\/strong> 2n. Premi Secci\u00f3 i <strong>1r. Premi Ingeni i Gr\u00e0cia<\/strong><\/p>\n<\/div>\n<\/div>\n\n\n\n<h4 class=\"wp-block-heading has-text-align-center\">Falla Guillem de Castro, Triador i Sant Pere Pasqual<\/h4>\n\n\n\n<figure class=\"wp-block-gallery has-nested-images columns-2 wp-block-gallery-7 is-layout-flex wp-block-gallery-is-layout-flex\">\n<figure class=\"wp-block-image size-large\"><img decoding=\"async\" src=\"https:\/\/lh3.googleusercontent.com\/pw\/AJFCJaUz4Rly95jOU_eMqeAnwuCinaSdpuxAONsoq8_RAdPehyLBirehHu1x6v_408ihlq_ovcpga_Tp_Kn-piUz9Oz_aRtouh5jOkDS_T47UKiumYZTbkUNtXUDf5aR1sdW3I-zpXTMDEycRXd1JpDXFqlYxg=w650-h898-s-no?authuser=0\" alt=\"\"\/><\/figure>\n\n\n\n<figure class=\"wp-block-image size-large\"><img decoding=\"async\" src=\"https:\/\/lh3.googleusercontent.com\/pw\/AJFCJaVbHJp-9uml2eIXy_R4Scuj3PzENA5LAfDAg7K8nzxQvdk4QcQ7LElW1aZQzqfqK1uiZXZGuNWecx0acpIPOoI6C9Gg2MxFUIRMdW_rY3Q_wMdppflJtCXrO2h3GYo_FPBdt1vUBJMulR0kXYAfdFBrBA=w650-h898-s-no?authuser=0\" alt=\"\"\/><\/figure>\n\n\n\n<figure class=\"wp-block-image size-large\"><img decoding=\"async\" src=\"https:\/\/lh3.googleusercontent.com\/pw\/AM-JKLVW0_hjjNSfILASw0RVXp3tL9JAFV5nTlBgHZdwvIAj6cpodg-fvpkF3e3vdTkQzlBbvRL_Tyu6xi8vg_GjFuOt7nABtuey4FDw7LGz5quUeAlfCIBsUh0EdInVj8rdwLFiYkAIagGEIz0deHQtcdev6A=w914-h1370-no?authuser=0\" alt=\"\"\/><\/figure>\n\n\n\n<figure class=\"wp-block-image size-large\"><img decoding=\"async\" src=\"https:\/\/lh3.googleusercontent.com\/pw\/AM-JKLWjCMIrT6ZBFhMMEjWX_NRJUkaE-xCeLV9Jhn0wU1IrLyVdjmOqa6A3Jmkhko-lEYhSmMf8BHw4uzE0-j3rjMETpqOIplJOmN82rvRZO4PvZjD95Nxjn-JLhVE2JDgIzxRiFRnaxF_5CI2yZ7EAkOw9sA=w2056-h1370-no?authuser=0\" alt=\"\"\/><\/figure>\n<\/figure>\n\n\n\n<div class=\"wp-block-columns has-2-columns is-layout-flex wp-container-core-columns-is-layout-9d6595d7 wp-block-columns-is-layout-flex\">\n<div class=\"wp-block-column is-layout-flow wp-block-column-is-layout-flow\">\n<p><strong>LEMA:<\/strong> &#8220;Triador&#8230; una falla de por&#8221;<br><strong>ARTISTE:<\/strong> Celso Sierra i Barber\u00e1<br><strong>SECCI\u00d3:<\/strong> 8\u00aaB<br><strong>PREMI:<\/strong> 6xt. Premi Secci\u00f3<\/p>\n<\/div>\n\n\n\n<div class=\"wp-block-column is-layout-flow wp-block-column-is-layout-flow\">\n<p><strong>LEMA:<\/strong> &#8220;La plant\u00e0&#8221;<br><strong>ARTISTE:<\/strong> Celso Sierra i Barber\u00e1<br><strong>SECCI\u00d3:<\/strong> 22\u00aa<\/p>\n<\/div>\n<\/div>\n\n\n\n<h3 class=\"wp-block-heading has-text-align-center\">Falla Sant Vicent, Periodista Azzati i Padilla<\/h3>\n\n\n\n<figure class=\"wp-block-gallery has-nested-images columns-2 wp-block-gallery-8 is-layout-flex wp-block-gallery-is-layout-flex\">\n<figure class=\"wp-block-image size-large\"><img decoding=\"async\" src=\"https:\/\/lh3.googleusercontent.com\/pw\/AJFCJaVLkRRKh6fl6416RcCq5ffj2nOko5v2YUJaY2IkmbhKCfGZC-ELIS5dfPaYs6lqTPlzd7oBFh2HBLeg8kNTH-RAEnhdSa7eZd2Rs3C1mRY7PLgBNDMWeojTb-Dqg5oHPzkGtaxcv7BdKsZWtlaHrq6vkA=w650-h868-s-no?authuser=0\" alt=\"\"\/><\/figure>\n\n\n\n<figure class=\"wp-block-image size-large\"><img decoding=\"async\" src=\"https:\/\/lh3.googleusercontent.com\/pw\/AJFCJaUPRwiLL7Yc-6oSx_S7esCTqpCumMpJsPKHqjPJg6wrBL55dmF_QBHYqnndKaOJtpMmxqsZoFiJw3h2o1m1o2NuuJOxuSfXWHX04mxqjuyRsCw2XTAVaufQe2bwSx07_WR2ePlaHPpXbSHCF73Q6uAApA=w650-h650-s-no?authuser=0\" alt=\"\"\/><\/figure>\n\n\n\n<figure class=\"wp-block-image size-large\"><img decoding=\"async\" src=\"https:\/\/lh3.googleusercontent.com\/pw\/AM-JKLXaLYUcsFa9I8SCh3hcB-6bDGWd4MLtROWKLjqJhAxzz6Iz_FmYnxtUcR5wXsKi4zPpfTCXQLiNbAyKfcGpNxa0JjcZ5eA18KG-KZH2vZhTOIzx1bWL6QcLIXUbUzhamFzoejGzYgOu_48Lwhbkv0Y3gA=w914-h1370-no?authuser=0\" alt=\"\"\/><\/figure>\n\n\n\n<figure class=\"wp-block-image size-large\"><img decoding=\"async\" src=\"https:\/\/lh3.googleusercontent.com\/pw\/AM-JKLVnrQjsIEBm1Mjvf3CMR52QVeyCkec-0Mtx36G_S7gd8ig4Gb4IuyC_8AbDdWAC2E-Yj9Bn663dm7rzA1ARhn-a6492mCyEkUQ9OhLN1yRATPVKG7g0bxbOuuUen5SSrmHDQGv1vnhL3ngoJu7IbTiM7g=w1292-h1370-no?authuser=0\" alt=\"\"\/><\/figure>\n<\/figure>\n\n\n\n<div class=\"wp-block-columns has-2-columns is-layout-flex wp-container-core-columns-is-layout-9d6595d7 wp-block-columns-is-layout-flex\">\n<div class=\"wp-block-column is-layout-flow wp-block-column-is-layout-flow\">\n<p><strong>LEMA:<\/strong> &#8220;La val\u00e9ncia er\u00f2tica&#8221;<br><strong>ARTISTE:<\/strong> Xavier Herrero i Mart\u00ednez<br><strong>SECCI\u00d3:<\/strong> 1\u00aaA<br><strong>PREMI:<\/strong> 14\u00ba Premi Secci\u00f3<\/p>\n<\/div>\n\n\n\n<div class=\"wp-block-column is-layout-flow wp-block-column-is-layout-flow\">\n<p><strong>LEMA:<\/strong> &#8220;D&#8217;excursi\u00f3 als nostres museus&#8221;<br><strong>ARTISTE:<\/strong> Jos\u00e9 Lu\u00eds Platero i Cos\u00ed<br><strong>SECCI\u00d3:<\/strong> 2\u00aa<br><strong>PREMI:<\/strong> 4t. Premi Secci\u00f3<\/p>\n<\/div>\n<\/div>\n\n\n\n<h3 class=\"wp-block-heading has-text-align-center\">Falla En Sendra &#8211; Pla\u00e7a Coll &#8220;El Tro&#8221;<\/h3>\n\n\n\n<figure class=\"wp-block-gallery has-nested-images columns-2 wp-block-gallery-9 is-layout-flex wp-block-gallery-is-layout-flex\">\n<figure class=\"wp-block-image size-large\"><img decoding=\"async\" src=\"https:\/\/lh3.googleusercontent.com\/pw\/AJFCJaWV2myb-TYm4np4bh0XmPfhCsLfeos4Mm_IlfT4RCK0K_2Pd8cUbtV9QCXuvTSyAUGzBbhRzGqq7liNzdfd9VDBzDvGT6YmHjFqf8JB3dTn_OkMQBrO5EyKKhp1L5xOvQPR63zREjlZvlWTOnsimvB4Bg=w526-h800-s-no?authuser=0\" alt=\"\"\/><\/figure>\n\n\n\n<figure class=\"wp-block-image size-large\"><img decoding=\"async\" src=\"https:\/\/lh3.googleusercontent.com\/pw\/AJFCJaVciaRli9Hbi0a_foqjtIIp_jrkXEvk7qIBSk_Hl1Jy4Eq6eexDwid04rFa9vPes5mFGYMlQqG-3arc28O-8P3InKfwxM8g-8RtDlfUpXKCoZUoXjM_IU81jBks2VMyxjvNnxEL_Fb9vesOXX2TOSC7gg=w650-h460-s-no?authuser=0\" alt=\"\"\/><\/figure>\n\n\n\n<figure class=\"wp-block-image size-large\"><img decoding=\"async\" src=\"https:\/\/lh3.googleusercontent.com\/pw\/AM-JKLVrFFSEsPTNhe4jcarcrk61uV580sP_0UvnefBTiRflb3mmGuLIpQ4Djb-YFvrDgcj5p1tTr7_m75FF4hZJtM32FeCdDHGO4AZb3PRo100RzDBjk4Br5Gytf95Kbpcecrwv_sXD9LmXSdFoUOJlqJo0Gw=w914-h1370-no?authuser=0\" alt=\"\"\/><\/figure>\n\n\n\n<figure class=\"wp-block-image size-large\"><img decoding=\"async\" src=\"https:\/\/lh3.googleusercontent.com\/pw\/AM-JKLXhyyireG8kK63EctMT28nNFoI0uBupv5AlBxBjHIBiJ6AfWtsBTeI1UxqjnT1Rgni26vAK39zZonLgihRNrVeVSWimbas7e_nTAzzjDxH4uy80sSWjurRqEH2HOek23cCTi_0wZ9TBwg9rh5Ehiz0uiQ=w2056-h1370-no?authuser=0\" alt=\"\"\/><\/figure>\n<\/figure>\n\n\n\n<div class=\"wp-block-columns has-2-columns is-layout-flex wp-container-core-columns-is-layout-9d6595d7 wp-block-columns-is-layout-flex\">\n<div class=\"wp-block-column is-layout-flow wp-block-column-is-layout-flow\">\n<p><strong>LEMA:<\/strong> &#8220;Jard\u00ed Oriental&#8221;<br><strong>ARTISTE:<\/strong> Mar\u00eda Teresa Meli\u00e1 i Santamaria<br><strong>SECCI\u00d3:<\/strong> 8\u00aaA<br><strong>PREMI:<\/strong> 7m. Premi Secci\u00f3<\/p>\n<\/div>\n\n\n\n<div class=\"wp-block-column is-layout-flow wp-block-column-is-layout-flow\">\n<p><strong>LEMA:<\/strong> &#8220;Mensages per a tots&#8221;<br><strong>ARTISTE:<\/strong> Mar\u00eda Teresa Meli\u00e1 i Santamar\u00eda<br><strong>SECCI\u00d3:<\/strong> 22\u00aa <\/p>\n<\/div>\n<\/div>\n\n\n\n<h3 class=\"wp-block-heading has-text-align-center\">Falla En Plom i Guillem de Castro<\/h3>\n\n\n\n<figure class=\"wp-block-gallery has-nested-images columns-2 is-cropped wp-block-gallery-10 is-layout-flex wp-block-gallery-is-layout-flex\">\n<figure class=\"wp-block-image size-large\"><img decoding=\"async\" src=\"https:\/\/lh3.googleusercontent.com\/pw\/AJFCJaVhByYlcXQAX_7hi6cIcdjqHa-6nHUH1gGYndMuxc-Rcp-HfIlInscj5RjPGne-ZSYRlymIYHSvQUFHMO1o3q0aSvISukd8-QKP9c54kN0TyAI6QfPgrCiBAcPWP7Um1XGQieYdWUI-rxOssZ1PlZANvQ=w650-h882-s-no?authuser=0\" alt=\"\"\/><\/figure>\n\n\n\n<figure class=\"wp-block-image size-large\"><img decoding=\"async\" src=\"https:\/\/lh3.googleusercontent.com\/pw\/AJFCJaUo-KzPACvKtTYi2-GuzEW1ibfSJfSjdmL2mPPsYyiBbqLkgAhX8Xy2pFkFJmQLlHtFG-v_7S-XfCcnj7lZ19H8Nz8vbOpPOONG0E2y-62EcgNgDScVRwzBH6P5pg3cMnc8EYPjnYQraibwTVzrRMe7tg=w650-h948-s-no?authuser=0\" alt=\"\"\/><\/figure>\n\n\n\n<figure class=\"wp-block-image size-large\"><img decoding=\"async\" src=\"https:\/\/lh3.googleusercontent.com\/pw\/AM-JKLWERM8C3BwJtQ8kGrvDPPVx-1ZW_8Ea_O5r159bHk2w-dbuPEiK0dQ_HVONwZEKyS3Mz9gfSNltZ6ZG8AERSfMxVSCbikg6sgIRECYpWK97MxKusXh7lrEaaSBYbFCtCmy4nSi5D0MBbyCtzfRxl8Jy0Q=w934-h1370-no?authuser=0\" alt=\"\"\/><\/figure>\n\n\n\n<figure class=\"wp-block-image size-large\"><img decoding=\"async\" src=\"https:\/\/lh3.googleusercontent.com\/pw\/AM-JKLVsmz3Cxb8mbEiHwLWj-NUfF80OzON5HFT7py6nKVm0ViA3pzyn2w6fl2vwmF2PS9MT_XjI5wpICkMeZTNu-CvK9dm1enaPb1XrL1GUyq84JKYUEplwY8yb_-XbyRgmfdIjvz14rj4WQY0exKVzp0mYqw=w914-h1370-no?authuser=0\" alt=\"\"\/><\/figure>\n<\/figure>\n\n\n\n<div class=\"wp-block-columns has-2-columns is-layout-flex wp-container-core-columns-is-layout-9d6595d7 wp-block-columns-is-layout-flex\">\n<div class=\"wp-block-column is-layout-flow wp-block-column-is-layout-flow\">\n<p><strong>LEMA:<\/strong> &#8220;A\u00e7\u00f2 no \u00e9s lo que pareix&#8221;<br><strong>ARTISTE:<\/strong> \u00d3scar Garc\u00eda i Cuesta<br><strong>SECCI\u00d3:<\/strong> 6\u00aaA<br><strong>PREMIS<\/strong>: <strong>1r. Premi Secci\u00f3 <\/strong>i<strong> 1r. Premi Ingeni i Gr\u00e0cia<\/strong><\/p>\n<\/div>\n\n\n\n<div class=\"wp-block-column is-layout-flow wp-block-column-is-layout-flow\">\n<p><strong>LEMA:<\/strong> &#8220;Magia Potagia&#8221;<br><strong>ARTISTE:<\/strong> Juan A. Navarro i Guijarro<br><strong>SECCI\u00d3:<\/strong> 16\u00aa<br><strong>PREMI:<\/strong> 4t. Premi Secci\u00f3<\/p>\n<\/div>\n<\/div>\n\n\n\n<h3 class=\"wp-block-heading has-text-align-center\">Falla Guillem Sorolla i Recaredo<\/h3>\n\n\n\n<figure class=\"wp-block-gallery has-nested-images columns-2 is-cropped wp-block-gallery-11 is-layout-flex wp-block-gallery-is-layout-flex\">\n<figure class=\"wp-block-image size-large\"><img decoding=\"async\" src=\"https:\/\/lh3.googleusercontent.com\/pw\/AJFCJaVA2aw1gvrKKGCZdf-hN47pWNvHqS8wGHfCZQtdzBHrfPdEA1OtfJDUv0l4rgmuxrspDY5I0AyYtViBdVnT6OKY_GVoFeicxVgvAgWTe2L_qEWs_ID7994xlsEZLFD79vrC_2JoZjaEX1SVbDlG7WwbmA=w650-h866-s-no?authuser=0\" alt=\"\"\/><\/figure>\n\n\n\n<figure class=\"wp-block-image size-large\"><img decoding=\"async\" src=\"https:\/\/lh3.googleusercontent.com\/pw\/AJFCJaVzabYrfJ8n49Y1WX5jFxxP7XhFB1rKa4Z125HOSKqweKblPhV0Nr0fYPTNfjUI20nhTTJ3HBaimzlO_JlYN2QPFmRpDhNvW7XsYkWiA2F-EXQLWdhs6kIeGWpK3935gsqWerLB9lBql1BzK52k5mja2w=w650-h714-s-no?authuser=0\" alt=\"\"\/><\/figure>\n\n\n\n<figure class=\"wp-block-image size-large\"><img decoding=\"async\" src=\"https:\/\/lh3.googleusercontent.com\/pw\/AM-JKLV4T5ap7fAG1d132O_dns0Ze1Xq2VPiT3-QzcJTzEw_BILuzchkJWR6T8vmIqiO_ENfFoMnrvOzP0RApxfJ3ZFaDq4d46duerJvsMN-3D3qbFeI4CgNzYgDxev_IrXv21ENmotXrQjUXsbfLDepWbrOtQ=w2056-h1370-no?authuser=0\" alt=\"\"\/><\/figure>\n\n\n\n<figure class=\"wp-block-image size-large\"><img decoding=\"async\" src=\"https:\/\/lh3.googleusercontent.com\/pw\/AM-JKLXgbNz1GRXr3xEAkkJwrb3bLipHnqQrloLTbN9AdFTxI4dqytsvvnA3kxxDm8QC4CdYuoHMHeE0DigpP-Ak47tLXeaRAWUMoXI5CFr3YHcnTMJ1I1mKJBtxua3mtNT4KdNeh3Ut16UADksEDCKdXZf9iQ=w914-h1370-no?authuser=0\" alt=\"\"\/><\/figure>\n<\/figure>\n\n\n\n<div class=\"wp-block-columns has-2-columns is-layout-flex wp-container-core-columns-is-layout-9d6595d7 wp-block-columns-is-layout-flex\">\n<div class=\"wp-block-column is-layout-flow wp-block-column-is-layout-flow\">\n<p><strong>LEMA:<\/strong> &#8220;Barbaritats&#8221;<br><strong>ARTISTE:<\/strong> Arte Ef\u00edmero, S.L.<br><strong>SECCI\u00d3:<\/strong> 8\u00aaB<br><strong>PREMIS:<\/strong> 2n. Premi Secci\u00f3<\/p>\n<\/div>\n\n\n\n<div class=\"wp-block-column is-layout-flow wp-block-column-is-layout-flow\">\n<p><strong>LEMA:<\/strong> &#8220;Pintem la Familia&#8221;<br><strong>ARTISTE:<\/strong> Alejandro Cano Hern\u00e1ndez<br><strong>SECCI\u00d3:<\/strong> 22\u00aa<br><strong>PREMIS:<\/strong> <strong>1r. Premi Secci\u00f3<\/strong> i 2n. Premi Ingeni i Gr\u00e0cia<\/p>\n<\/div>\n<\/div>\n\n\n\n<h3 class=\"wp-block-heading has-text-align-center\">Falla Ribera i Convent Santa Clara<\/h3>\n\n\n\n<figure class=\"wp-block-gallery has-nested-images columns-2 wp-block-gallery-12 is-layout-flex wp-block-gallery-is-layout-flex\">\n<figure class=\"wp-block-image size-large\"><img decoding=\"async\" src=\"https:\/\/lh3.googleusercontent.com\/pw\/AJFCJaWFNO0TRMFyuIcKnmZCYbqOI4tYvlgUjJP3Du-84PmyNN-I6bt_Wm9S27iK7SIi-i0A_IdVQEaQ4vrFr2gS1Mafgr1iqeZ-k6uPNduh7NBnnR7oqZVy4FVldh2_YlGBxZpbbdGVdd-_2lmk7x03djQS6g=w650-h876-s-no?authuser=0\" alt=\"\"\/><\/figure>\n\n\n\n<figure class=\"wp-block-image size-large\"><img decoding=\"async\" src=\"https:\/\/lh3.googleusercontent.com\/pw\/AJFCJaXpa0SO_RRKsLS8TtC5wfZHlCB_FCgm4rRARgzQAL73vYpRThdyZJftfGX9Fr--B5Rz1AY_R3hOG8OR611Y6Bi1Al-ZNtVgab7uMBy1b3Ag8xmcUvSrAw5F0V6vZ8SHMa0AVqYqjC0B5c9OcJlBja_Jvw=w650-h650-s-no?authuser=0\" alt=\"\"\/><\/figure>\n\n\n\n<figure class=\"wp-block-image size-large\"><img decoding=\"async\" src=\"https:\/\/lh3.googleusercontent.com\/pw\/AM-JKLUJZaLjy02PMOvR5PbAKnYUhqls_fpBlGwKVm123gdS_nj5y48WvFvl3dUDXWSjAN5r6oOJpVzGH_qbUQG5kVB6m1TVs0QHprXjUlr9Z8d4_jRAx74-zazqn0I8-kVFh8sj4G51zDxrZJUOgj_gw0NXCg=w2056-h1370-no?authuser=0\" alt=\"\"\/><\/figure>\n\n\n\n<figure class=\"wp-block-image size-large\"><img decoding=\"async\" src=\"https:\/\/lh3.googleusercontent.com\/pw\/AM-JKLU6vcKLYPKGEab0K-JD9cWef4BOtDQT7XiJGXgL8psUUiKNQId_1V-Yg28qUrz6BA0ASjkmLoHgYD8dqVtSwjKVGSN0Ok5MeNcCskCfBJXNmVVk4p7Z-h92McT5i9FOY3IWJNqhQR8Ha9SMh0fiYXlJyg=w914-h1370-no?authuser=0\" alt=\"\"\/><\/figure>\n<\/figure>\n\n\n\n<div class=\"wp-block-columns has-2-columns is-layout-flex wp-container-core-columns-is-layout-9d6595d7 wp-block-columns-is-layout-flex\">\n<div class=\"wp-block-column is-layout-flow wp-block-column-is-layout-flow\">\n<p><strong>LEMA:<\/strong> &#8220;Les dos cares de la lluna&#8221;<br><strong>ARTISTE:<\/strong> Carlos Cars\u00ed i Garc\u00eda<br><strong>SECCI\u00d3:<\/strong> 1\u00aaA<br><strong>PREMI:<\/strong> 6xt. Premi Secci\u00f3<\/p>\n<\/div>\n\n\n\n<div class=\"wp-block-column is-layout-flow wp-block-column-is-layout-flow\">\n<p><strong>LEMA:<\/strong> &#8220;La proposici\u00f3&#8221;<br><strong>ARTISTE:<\/strong> Xavier G\u00e1mez i Chisvert<br><strong>SECCI\u00d3:<\/strong> 2\u00aa<br><strong>PREMIS:<\/strong> 11r. Premi Secci\u00f3<\/p>\n<\/div>\n<\/div>\n","protected":false},"excerpt":{"rendered":"<p>Ac\u00ed teniu els esbossos que es varen presentar en la nostra Agrupaci\u00f3 el 21 de decembre de 2019 en la IX Exposici\u00f3 d\u2019Esbossos de l\u2019Agrupaci\u00f3, que es varen plantar en les nostres demarcacions del 1 al 5 de setembre de 2021: (Fotos de ALEJANDRO VICENT ANDR\u00c9S) i els premis que varen obtindre. Falla Murillo i [&hellip;]<\/p>\n","protected":false},"author":6,"featured_media":0,"parent":1111,"menu_order":5,"comment_status":"closed","ping_status":"closed","template":"","meta":{"_monsterinsights_skip_tracking":false,"_monsterinsights_sitenote_active":false,"_monsterinsights_sitenote_note":"","_monsterinsights_sitenote_category":0,"jetpack_post_was_ever_published":false,"footnotes":""},"class_list":["post-1007","page","type-page","status-publish","hentry"],"aioseo_notices":[],"jetpack-related-posts":[{"id":7265,"url":"https:\/\/pilarsantfrancesc.es\/val\/esbossos\/any-2016\/","url_meta":{"origin":1007,"position":0},"title":"Any 2016","author":"imacuchc","date":"7 Mar\u00e7, 2021","format":false,"excerpt":"Ac\u00ed teniu els esbossos que es varen presentar en la nostra Agrupaci\u00f3 el 27 de novembre de 2015 en la\u00a0V Exposici\u00f3 d'Esbossos de l'Agrupaci\u00f3. I tamb\u00e9 podeu vore les fotografies dels monuments que es varen plantar en les nostres demarcacions del 15 al 19 de mar\u00e7 de 2016: (Fotos de\u00a0CENDRA\u2026","rel":"","context":"Similar post","block_context":{"text":"Similar post","link":""},"img":{"alt_text":"","src":"","width":0,"height":0},"classes":[]},{"id":10608,"url":"https:\/\/pilarsantfrancesc.es\/val\/esbossos\/any-2014\/","url_meta":{"origin":1007,"position":1},"title":"Any 2014","author":"imacuchc","date":"12 Agost, 2023","format":false,"excerpt":"Ac\u00ed teniu els esbossos que es varen presentar en la nostra Agrupaci\u00f3 del 1 al 3 de decembre de 2013 en la\u00a0IV Exposici\u00f3 d'Esbossos de l'Agrupaci\u00f3. I tamb\u00e9 podeu vore les fotos dels monuments que es varen plantar en les nostres demarcacions del 15 al 19 de mar\u00e7 de 2014:\u2026","rel":"","context":"Similar post","block_context":{"text":"Similar post","link":""},"img":{"alt_text":"","src":"","width":0,"height":0},"classes":[]},{"id":7124,"url":"https:\/\/pilarsantfrancesc.es\/val\/esbossos\/any-2018\/","url_meta":{"origin":1007,"position":2},"title":"Any 2018","author":"imacuchc","date":"27 Juliol, 2020","format":false,"excerpt":"Ac\u00ed teniu els esbossos que es varen presentar en la nostra Agrupaci\u00f3 e l'1 de decembre de 2017 en la VII Exposici\u00f3 d'Esbossos de l'Agrupaci\u00f3. I tamb\u00e9 podeu vore les fotos dels monuments que es varen plantar en les nostres demarcacions del 15 al 19 de mar\u00e7 de 2018: (Fotos\u2026","rel":"","context":"Similar post","block_context":{"text":"Similar post","link":""},"img":{"alt_text":"","src":"","width":0,"height":0},"classes":[]},{"id":7381,"url":"https:\/\/pilarsantfrancesc.es\/val\/esbossos\/any-2015\/","url_meta":{"origin":1007,"position":3},"title":"Any 2015","author":"imacuchc","date":"13 Abril, 2021","format":false,"excerpt":"Ac\u00ed teniu els esbossos que es varen presentar en la nostra Agrupaci\u00f3 el 27 de novembre de 2014 en la\u00a0IV Exposici\u00f3 d'Esbossos de l'Agrupaci\u00f3. I tamb\u00e9 podeu vore les fotos dels monuments que es varen plantar en les nostres demarcacions del 15 al 19 de mar\u00e7 de 2015: (Fotos de\u00a0CENDRA\u2026","rel":"","context":"Similar post","block_context":{"text":"Similar post","link":""},"img":{"alt_text":"","src":"","width":0,"height":0},"classes":[]},{"id":361,"url":"https:\/\/pilarsantfrancesc.es\/val\/esbossos\/any-2019\/","url_meta":{"origin":1007,"position":4},"title":"Any 2019","author":"imacuchc","date":"26 Maig, 2019","format":false,"excerpt":"Ac\u00ed teniu els esbossos que es varen presentar en la nostra Agrupaci\u00f3 el 5 de decembre de 2018 en l'VIII Exposici\u00f3 d'Esbossos de l'Agrupaci\u00f3. I tamb\u00e9 podeu vore les fotos dels monuments que es varen plantar en les nostres demarcacions del 15 al 19 de mar\u00e7: (Fotos de CENDRA DIGITAL)\u2026","rel":"","context":"Similar post","block_context":{"text":"Similar post","link":""},"img":{"alt_text":"","src":"","width":0,"height":0},"classes":[]},{"id":7135,"url":"https:\/\/pilarsantfrancesc.es\/val\/esbossos\/any-2017\/","url_meta":{"origin":1007,"position":5},"title":"Any 2017","author":"imacuchc","date":"5 Mar\u00e7, 2021","format":false,"excerpt":"Ac\u00ed teniu els esbossos que es varen presentar en la nostra Agrupaci\u00f3 el 2 de decembre de 2016 en la VI Exposici\u00f3 d'Esbossos de l'Agrupaci\u00f3. I tamb\u00e9 podeu vore les fotografies dels monuments que es varen plantar en les nostres demarcacions del 15 al 19 de mar\u00e7 de 2017: (Fotos\u2026","rel":"","context":"Similar post","block_context":{"text":"Similar post","link":""},"img":{"alt_text":"","src":"","width":0,"height":0},"classes":[]}],"jetpack_sharing_enabled":true,"_links":{"self":[{"href":"https:\/\/pilarsantfrancesc.es\/val\/wp-json\/wp\/v2\/pages\/1007","targetHints":{"allow":["GET"]}}],"collection":[{"href":"https:\/\/pilarsantfrancesc.es\/val\/wp-json\/wp\/v2\/pages"}],"about":[{"href":"https:\/\/pilarsantfrancesc.es\/val\/wp-json\/wp\/v2\/types\/page"}],"author":[{"embeddable":true,"href":"https:\/\/pilarsantfrancesc.es\/val\/wp-json\/wp\/v2\/users\/6"}],"replies":[{"embeddable":true,"href":"https:\/\/pilarsantfrancesc.es\/val\/wp-json\/wp\/v2\/comments?post=1007"}],"version-history":[{"count":3,"href":"https:\/\/pilarsantfrancesc.es\/val\/wp-json\/wp\/v2\/pages\/1007\/revisions"}],"predecessor-version":[{"id":10855,"href":"https:\/\/pilarsantfrancesc.es\/val\/wp-json\/wp\/v2\/pages\/1007\/revisions\/10855"}],"up":[{"embeddable":true,"href":"https:\/\/pilarsantfrancesc.es\/val\/wp-json\/wp\/v2\/pages\/1111"}],"wp:attachment":[{"href":"https:\/\/pilarsantfrancesc.es\/val\/wp-json\/wp\/v2\/media?parent=1007"}],"curies":[{"name":"wp","href":"https:\/\/api.w.org\/{rel}","templated":true}]}}