{"id":12116,"date":"2023-11-30T18:25:00","date_gmt":"2023-11-30T17:25:00","guid":{"rendered":"https:\/\/pilarsantfrancesc.es\/val\/?page_id=12116"},"modified":"2026-01-16T13:58:58","modified_gmt":"2026-01-16T12:58:58","slug":"any-2024","status":"publish","type":"page","link":"https:\/\/pilarsantfrancesc.es\/val\/esbossos\/any-2024\/","title":{"rendered":"Any 2024"},"content":{"rendered":"\n<p style=\"text-align:justify\">Ac\u00ed teniu els esbossos que es varen presentar en la nostra Agrupaci\u00f3 el 26 de novembre de 2023 en la <strong>XII Presentaci\u00f3 d\u2019Esbossos de l\u2019Agrupaci\u00f3<\/strong> i que se plantaran en les nostres demarcacions del 15 al 19 de mar\u00e7 de 2024. Les fotografies pujades de les Falles s\u00f3n de <a href=\"http:\/\/www.cendradigital.com\/?s=Fallas+2024\" target=\"_blank\" rel=\"noopener nofollow\" title=\"\">Cendra Digital<\/a> (moltes gr\u00e0cies pel teu treball).<\/p>\n\n\n\n<h3 class=\"wp-block-heading has-text-align-center\">Falla Murillo i Palomar<\/h3>\n\n\n\n<div class=\"wp-block-columns is-layout-flex wp-container-core-columns-is-layout-9d6595d7 wp-block-columns-is-layout-flex\">\n<div class=\"wp-block-column is-layout-flow wp-block-column-is-layout-flow\">\n<figure class=\"wp-block-image size-large\"><img decoding=\"async\" src=\"https:\/\/lh3.googleusercontent.com\/pw\/ADCreHdCcry5_q6xF4Tcsa3T_7VxpQVkvklTi3aBVsVh5vin1Z2mcBFG5EZ02Yk_M1qSWuHVEm7nDCG44WakMODMqq3Szbj_WowoM8sZh1ennN2p_Ig1fHwyGZkGrqk-gXw7EaBsC2-jCltSBoxO6st7lH_Q4w=w607-h806-s-no?authuser=0\" alt=\"\"\/><\/figure>\n<\/div>\n\n\n\n<div class=\"wp-block-column is-layout-flow wp-block-column-is-layout-flow\">\n<figure class=\"wp-block-image size-large\"><img decoding=\"async\" src=\"https:\/\/lh3.googleusercontent.com\/pw\/ADCreHcFt8L75kkcevuUMJc_Bsx8ehErOvIVK2THx45VTA8Ate7wEg83NqVd6K-eVqWeIMsXAfSxOoglGN2ZtgqZH0TPZlJlH29rSi6HvU98ENhnZvqOeS5uMb4qfhBzuN9Ogzglyr3eaudqm7pisG55KuMS5w=w1012-h1418-s-no?authuser=0\" alt=\"\"\/><\/figure>\n<\/div>\n<\/div>\n\n\n\n<div class=\"wp-block-columns is-layout-flex wp-container-core-columns-is-layout-9d6595d7 wp-block-columns-is-layout-flex\">\n<div class=\"wp-block-column is-layout-flow wp-block-column-is-layout-flow\">\n<figure class=\"wp-block-image size-large\"><img decoding=\"async\" src=\"https:\/\/lh3.googleusercontent.com\/pw\/AP1GczPvs8d6l3-Ku2a_qXLVQg4O50sp95TDFUW-KzLUiisd_azip0fiHlAW5V1dfgGe4C9eSbIwUjwkJxAMzvf1OS18B3BklpTG85aFHgeH3Kfb0WSonyH3ngekBCFeSfcVEsxZcjCk9fge-ly2CTJ-EsXbhA=w768-h988-s-no?authuser=0\" alt=\"\"\/><\/figure>\n<\/div>\n\n\n\n<div class=\"wp-block-column is-layout-flow wp-block-column-is-layout-flow\">\n<figure class=\"wp-block-image size-large\"><img decoding=\"async\" src=\"https:\/\/lh3.googleusercontent.com\/pw\/AP1GczMlw5IzzKSEOK9TnZLwf26G7QtKjb3zDOU9hBvoWT_yAlfeDflQSpzHz7qzXCny5rz5w9FvjKnc2kOdtlU1hYY8zP8WTGZVu4mmXjnd_0bNCQbQz3wELXwmEP34mjrLsZGQttxGL3_l_ri2gaveDzwqww=w768-h922-s-no?authuser=0\" alt=\"\"\/><\/figure>\n<\/div>\n<\/div>\n\n\n\n<div class=\"wp-block-columns is-layout-flex wp-container-core-columns-is-layout-9d6595d7 wp-block-columns-is-layout-flex\">\n<div class=\"wp-block-column is-layout-flow wp-block-column-is-layout-flow\"><\/div>\n\n\n\n<div class=\"wp-block-column is-layout-flow wp-block-column-is-layout-flow\"><\/div>\n<\/div>\n\n\n\n<div class=\"wp-block-columns is-layout-flex wp-container-core-columns-is-layout-9d6595d7 wp-block-columns-is-layout-flex\">\n<div class=\"wp-block-column is-layout-flow wp-block-column-is-layout-flow\">\n<p><strong>LEMA:<\/strong> &#8220;Life is music&#8221;.<br><strong>ARTISTE:<\/strong> Rub\u00e9n Vela Romero de \u00c1vila.<br><strong>SECCI\u00d3:<\/strong> 8ava.<\/p>\n<\/div>\n\n\n\n<div class=\"wp-block-column is-layout-flow wp-block-column-is-layout-flow\">\n<p><strong>LEMA:<\/strong> &#8220;Vestix-me que s&#8217;en anem de festa&#8221;.<br><strong>ARTISTE:<\/strong> Sevior &amp; Priol.<br><strong>SECCI\u00d3:<\/strong> 19ena.<br><strong>PREMIS:<\/strong> 5nt Premi Secci\u00f3 19ena i Millor Ninot Infantil de la Secci\u00f3 19ena.<\/p>\n<\/div>\n<\/div>\n\n\n\n<h3 class=\"wp-block-heading has-text-align-center\">Falla Avinguda de l&#8217;Oest &#8220;Els Velluters&#8221;<\/h3>\n\n\n\n<div class=\"wp-block-columns is-layout-flex wp-container-core-columns-is-layout-9d6595d7 wp-block-columns-is-layout-flex\">\n<div class=\"wp-block-column is-layout-flow wp-block-column-is-layout-flow\">\n<figure class=\"wp-block-image size-large\"><img decoding=\"async\" src=\"https:\/\/lh3.googleusercontent.com\/pw\/ADCreHem7cA348hRd3WCWuacVboPsM80Eqc_wVssGlRHE24lXuyKhQHRMUZLgH0GoGO70T0FwNsHmQ7BYdxnNLk-sBOmewQZgTwPc328t9Wcl3KW6En-NYpjQJxXUp017CKjdyS2mFR_HbUD2M8qNpSVAWQPFg=w1416-h1418-s-no?authuser=0\" alt=\"\"\/><\/figure>\n<\/div>\n\n\n\n<div class=\"wp-block-column is-layout-flow wp-block-column-is-layout-flow\">\n<figure class=\"wp-block-image size-large\"><img decoding=\"async\" src=\"https:\/\/lh3.googleusercontent.com\/pw\/ADCreHdm6CPpvZSauzgJIsvySNs_18OCOQZsO_UoZlRRsJsOhOAZvkm8ghgCEM3dPfYHLDAtPl4Nl0RCQZbGAbCvXnpUeV21VmWIyM_lkfQm97dRaHnjl1xMcb10fsUoyLLt9F73SYMBJHtfiEF3Jb94-KYHKA=w1038-h1350-s-no?authuser=0\" alt=\"\"\/><\/figure>\n<\/div>\n<\/div>\n\n\n\n<div class=\"wp-block-columns is-layout-flex wp-container-core-columns-is-layout-9d6595d7 wp-block-columns-is-layout-flex\">\n<div class=\"wp-block-column is-layout-flow wp-block-column-is-layout-flow\">\n<figure class=\"wp-block-image size-large\"><img decoding=\"async\" src=\"https:\/\/lh3.googleusercontent.com\/pw\/AP1GczOJZtDopk76DfxkzTbdMioVQR7aXuyy_fB_Znul8S5P5Kk6rUjptOtPOJlKN4a9SbnYDIwAd512sioNkbo45Zhdwgc-_owEWHlgzwsg6ZjeyjPw7zJurRHqOcR9Dw27rjKX8u-9Vt1nC-buVN0yeE1pDg=w768-h803-s-no?authuser=0\" alt=\"\"\/><\/figure>\n<\/div>\n\n\n\n<div class=\"wp-block-column is-layout-flow wp-block-column-is-layout-flow\">\n<figure class=\"wp-block-image size-large\"><img decoding=\"async\" src=\"https:\/\/lh3.googleusercontent.com\/pw\/AP1GczNTCF7HmZYQhFusyc4JzZk6enbZwU0n1_Av2HUqf7nj_3Q1oOuY4wPuCqYLOKKpZLNB2ZQ_tPpl-nDcWlj1qym7f_1-Un5EYX2fLIaC-P_YvU5G42n7fsasFwR5cA0nFbfwNT9ei-iMFz16o_cNwbeWzw=w768-h983-s-no?authuser=0\" alt=\"\"\/><\/figure>\n<\/div>\n<\/div>\n\n\n\n<div class=\"wp-block-columns is-layout-flex wp-container-core-columns-is-layout-9d6595d7 wp-block-columns-is-layout-flex\">\n<div class=\"wp-block-column is-layout-flow wp-block-column-is-layout-flow\"><\/div>\n\n\n\n<div class=\"wp-block-column is-layout-flow wp-block-column-is-layout-flow\"><\/div>\n<\/div>\n\n\n\n<div class=\"wp-block-columns is-layout-flex wp-container-core-columns-is-layout-9d6595d7 wp-block-columns-is-layout-flex\">\n<div class=\"wp-block-column is-layout-flow wp-block-column-is-layout-flow\">\n<p><strong>LEMA:<\/strong> &#8220;Jeckyll &amp; Miss Hyde&#8221;.<br><strong>ARTISTE:<\/strong> Paco Torres.<br><strong>SECCI\u00d3:<\/strong> 1era B.<br><strong>PREMI:<\/strong> 2on Premi Secci\u00f3 1era B.<\/p>\n<\/div>\n\n\n\n<div class=\"wp-block-column is-layout-flow wp-block-column-is-layout-flow\">\n<p><strong>LEMA:<\/strong> &#8220;Stargate, una porta al temps&#8221;.<br><strong>ARTISTE:<\/strong> Alejandro Rubio.<br><strong>SECCI\u00d3:<\/strong> 4rta.<br><strong>PREMI:<\/strong> 8ava Premi Secci\u00f3 4rta.<\/p>\n<\/div>\n<\/div>\n\n\n\n<h3 class=\"wp-block-heading has-text-align-center\">Falla Bolser\u00eda Tros-Alt<\/h3>\n\n\n\n<div class=\"wp-block-columns is-layout-flex wp-container-core-columns-is-layout-9d6595d7 wp-block-columns-is-layout-flex\">\n<div class=\"wp-block-column is-layout-flow wp-block-column-is-layout-flow\">\n<figure class=\"wp-block-image size-large\"><img decoding=\"async\" src=\"https:\/\/lh3.googleusercontent.com\/pw\/ADCreHdsEsGOp8559IohHkxsF_sFKOXEc-CffnlveFZrptJ6je2FBribohnneL_6Kxh4sYylkN6lbmDCGuwW3su5MQXQfKMzACX96RfiFGc1LcE-rWd5nFkMvU2GzDfANME3lb6M0boW0EaOgowwR0SJLvBSow=w940-h1418-s-no?authuser=0\" alt=\"\"\/><\/figure>\n<\/div>\n\n\n\n<div class=\"wp-block-column is-layout-flow wp-block-column-is-layout-flow\">\n<figure class=\"wp-block-image size-large\"><img decoding=\"async\" src=\"https:\/\/lh3.googleusercontent.com\/pw\/ADCreHduuEVV9eEvT_pcht8Y_IO_z4Ym7s43KP-ye8BCiyzPMZIwVDaFmKnMYuI1oP9PcK4gh3lCeWk4umdqGT1IIx70Z2itfn6g97ZHHqAMoyxQtY3VH_RYJccELQe5zbr49unZIyXQJ6AN92rJHAOYXe4Rdw=w1168-h1418-s-no?authuser=0\" alt=\"\"\/><\/figure>\n<\/div>\n<\/div>\n\n\n\n<div class=\"wp-block-columns is-layout-flex wp-container-core-columns-is-layout-9d6595d7 wp-block-columns-is-layout-flex\">\n<div class=\"wp-block-column is-layout-flow wp-block-column-is-layout-flow\">\n<figure class=\"wp-block-image size-large\"><img decoding=\"async\" src=\"https:\/\/lh3.googleusercontent.com\/pw\/AP1GczNKI_WI1CBzxH6u0XSbb61nJiEP1lAcoiGWPTwzMCAqf50N1AIU__BPbRaerlDUaR40rEpUrVaXbHeO9-8Loiyb6P3lWO0TAuw3vfiwTgjmdc_RcA_GVr_dglQM1JvTzQZIx7Pch0D7hO3McKUyfR3frg=w749-h1024-s-no?authuser=0\" alt=\"\"\/><\/figure>\n<\/div>\n\n\n\n<div class=\"wp-block-column is-layout-flow wp-block-column-is-layout-flow\">\n<figure class=\"wp-block-image size-large\"><img decoding=\"async\" src=\"https:\/\/lh3.googleusercontent.com\/pw\/AP1GczNTlUIMf6fgFG0n3Kch5HYwV2385W3LWbQLfCe-CGLuoSFk6K3lUQQddIOQWXVNwk6HQX41IYj3Ob0Pt1c5cFgvheUidl58rTfCwjJy9MT71rR9gOrrIxbj7u6TOzigemAwjBIcVSWjshQkmBA_vsof8w=w566-h708-s-no?authuser=0\" alt=\"\"\/><\/figure>\n<\/div>\n<\/div>\n\n\n\n<div class=\"wp-block-columns is-layout-flex wp-container-core-columns-is-layout-9d6595d7 wp-block-columns-is-layout-flex\">\n<div class=\"wp-block-column is-layout-flow wp-block-column-is-layout-flow\"><\/div>\n\n\n\n<div class=\"wp-block-column is-layout-flow wp-block-column-is-layout-flow\"><\/div>\n<\/div>\n\n\n\n<div class=\"wp-block-columns is-layout-flex wp-container-core-columns-is-layout-9d6595d7 wp-block-columns-is-layout-flex\">\n<div class=\"wp-block-column is-layout-flow wp-block-column-is-layout-flow\">\n<p><strong>LEMA:<\/strong> &#8220;Intelig\u00e8ncia molt artificial&#8221;.<br><strong>ARTISTE:<\/strong> Art en Foc.<br><strong>SECCI\u00d3:<\/strong> 3era A.<br><strong>PREMIS:<\/strong> 5nt Premi Secci\u00f3 3era A i Millor Ninot de la Secci\u00f3 3era A.<\/p>\n<\/div>\n\n\n\n<div class=\"wp-block-column is-layout-flow wp-block-column-is-layout-flow\">\n<p><strong>LEMA:<\/strong> &#8220;A ning\u00fa li amarga un dol\u00e7&#8221;.<br><strong>ARTISTE:<\/strong> Jes\u00fas Li\u00f1ana-Fallas Hawa.<br><strong>SECCI\u00d3:<\/strong> 11ima.<br><strong>PREMI:<\/strong> 4rt Premi Secci\u00f3 11ima.<\/p>\n<\/div>\n<\/div>\n\n\n\n<h3 class=\"wp-block-heading has-text-align-center\">Falla Quart i Palomar<\/h3>\n\n\n\n<div class=\"wp-block-columns is-layout-flex wp-container-core-columns-is-layout-9d6595d7 wp-block-columns-is-layout-flex\">\n<div class=\"wp-block-column is-layout-flow wp-block-column-is-layout-flow\">\n<figure class=\"wp-block-image size-large\"><img decoding=\"async\" src=\"https:\/\/lh3.googleusercontent.com\/pw\/ADCreHc3Qh1sHJoj7D7XzbB-gh8IKeyXzGZB0x-WvQJov7Qv2t1ah1bRkMQmEK7Ml-No_BswvXijNok8bxR_R3lFlaBm5tzfckKUCpmuC5uHGRkT4joDJhqoit_JXbXd2t8wTD4l0PvGgdm_S8B3AkrhZYT47w=w1002-h1418-s-no?authuser=0\" alt=\"\"\/><\/figure>\n<\/div>\n\n\n\n<div class=\"wp-block-column is-layout-flow wp-block-column-is-layout-flow\">\n<figure class=\"wp-block-image size-large\"><img decoding=\"async\" src=\"https:\/\/lh3.googleusercontent.com\/pw\/ADCreHdILtPul59k6jVVoDF36UgztV2yvC5_LLEcseV53Mn8e_a0Zc6ijWden5IKM5CmU1oV7oc2T49CT5hb1Ly2XqFISccVR6UIIZT9h0LTWBMuWZU9sIL2oKK8mbaQ08vG8tggbSClRVbehMm72lFdjzH98A=w1064-h1418-s-no?authuser=0\" alt=\"\"\/><\/figure>\n<\/div>\n<\/div>\n\n\n\n<div class=\"wp-block-columns is-layout-flex wp-container-core-columns-is-layout-9d6595d7 wp-block-columns-is-layout-flex\">\n<div class=\"wp-block-column is-layout-flow wp-block-column-is-layout-flow\">\n<figure class=\"wp-block-image size-large\"><img decoding=\"async\" src=\"https:\/\/lh3.googleusercontent.com\/pw\/AP1GczP3rFDKKc9CED7uAaUjE_5pIBLDs21nXb6PU7BCSOQGjVFUFGjURD0NjI1CDdxEEApVfY0viCvQROZNqHFjkAd5DsEPqZHOqRavvZ48hSiU0NO1B3A-WA2GkFtq2NvYixKBT2gdhDAQwQ554poNXql9KA=w768-h820-s-no?authuser=0\" alt=\"\"\/><\/figure>\n<\/div>\n\n\n\n<div class=\"wp-block-column is-layout-flow wp-block-column-is-layout-flow\">\n<figure class=\"wp-block-image size-large\"><img decoding=\"async\" src=\"https:\/\/lh3.googleusercontent.com\/pw\/AP1GczOlyDjiRxjvo1ZzEgpzKrOP0uoy6NyNZd6TjnwiyZvBB259liQATANtrKxce6KSQV3O4GJ9HavvofBL3L64-x0VkF1y-2ZmRsB4xf8B0HDq4AmUOO5L-mQqTxrX5-SwUlYCwBtiUU7mIR_ic52aVN4g6Q=w768-h933-s-no?authuser=0\" alt=\"\"\/><\/figure>\n<\/div>\n<\/div>\n\n\n\n<div class=\"wp-block-columns is-layout-flex wp-container-core-columns-is-layout-9d6595d7 wp-block-columns-is-layout-flex\">\n<div class=\"wp-block-column is-layout-flow wp-block-column-is-layout-flow\"><\/div>\n\n\n\n<div class=\"wp-block-column is-layout-flow wp-block-column-is-layout-flow\"><\/div>\n<\/div>\n\n\n\n<div class=\"wp-block-columns is-layout-flex wp-container-core-columns-is-layout-9d6595d7 wp-block-columns-is-layout-flex\">\n<div class=\"wp-block-column is-layout-flow wp-block-column-is-layout-flow\">\n<p><strong>LEMA:<\/strong> &#8220;Valencians pel m\u00f3n, \u00a1hem arribat a la lluna!&#8221;.<br><strong>ARTISTE:<\/strong> Falles Ximo Mart\u00ed.<br><strong>SECCI\u00d3:<\/strong> 1era A.<br><strong>PREMI:<\/strong> 13er Premi Secci\u00f3 1era A.<\/p>\n<\/div>\n\n\n\n<div class=\"wp-block-column is-layout-flow wp-block-column-is-layout-flow\">\n<p><strong>LEMA:<\/strong> &#8220;CONECTAR: Si pots somiar-ho, pots fer-ho&#8221;.<br><strong>ARTISTE:<\/strong> Falles Carlos Herrero Muria.<br><strong>SECCI\u00d3:<\/strong> 9ena.<br><strong>PREMIS:<\/strong> 7im Premi Secci\u00f3 9ena i Ninot Infantil en m\u00e9s Ingeni i Gr\u00e0cia de la Secci\u00f3 9ena.<\/p>\n<\/div>\n<\/div>\n\n\n\n<h3 class=\"wp-block-heading has-text-align-center\">Falla Peu de la Creu &#8211; En Joan de Vilarrasa<\/h3>\n\n\n\n<div class=\"wp-block-columns is-layout-flex wp-container-core-columns-is-layout-9d6595d7 wp-block-columns-is-layout-flex\">\n<div class=\"wp-block-column is-layout-flow wp-block-column-is-layout-flow\">\n<figure class=\"wp-block-image size-large\"><img decoding=\"async\" src=\"https:\/\/lh3.googleusercontent.com\/pw\/ADCreHdDcX0I9YFS_GR6kxHle_0FD73MGJOm73ufbWrBvNvSrxqUlMFKJVs6HQDxEKPQ2wixA89q3Up7SGambMep0MElD26Mu4h9qa7jZ7TkqG0wWMkqJOHezALiU77p38_E5_daaUj-gdSsUmxS57vL5pteYQ=w1064-h1418-s-no?authuser=0\" alt=\"\"\/><\/figure>\n<\/div>\n\n\n\n<div class=\"wp-block-column is-layout-flow wp-block-column-is-layout-flow\">\n<figure class=\"wp-block-image size-large\"><img decoding=\"async\" src=\"https:\/\/lh3.googleusercontent.com\/pw\/ADCreHeQTrXBaLpAQPWVyMGC_zqHDaCbp1M0hpRzr6U0q3Aa_BErdTsJKlKMjVEtcyhtsw0d1vQg0SHy-4LmarFbpzpxuYbB_TqGkmlEPYAwU7a7-h7gihbDAl2Baw5233gHf96_OI6QbHnxDyj4Qmyuc_VLOw=w1299-h1299-s-no?authuser=0\" alt=\"\"\/><\/figure>\n<\/div>\n<\/div>\n\n\n\n<div class=\"wp-block-columns is-layout-flex wp-container-core-columns-is-layout-9d6595d7 wp-block-columns-is-layout-flex\">\n<div class=\"wp-block-column is-layout-flow wp-block-column-is-layout-flow\">\n<figure class=\"wp-block-image size-large\"><img decoding=\"async\" src=\"https:\/\/lh3.googleusercontent.com\/pw\/AP1GczO1PxPhioACz-kxcMfSd6WE4nq3QYIjDCU-P72XRgBg0h1AcUjUd3y-6hnlbH4nM1AIyE-l8gX0rEjPDNBoTMive23uSOSU9mMnCKOHYOvlPALa-Hwlh32tCL6kUPAUB_OuVaF8tW-NFkjCQ5Y9zH1kvQ=w768-h888-s-no?authuser=0\" alt=\"\"\/><\/figure>\n<\/div>\n\n\n\n<div class=\"wp-block-column is-layout-flow wp-block-column-is-layout-flow\">\n<figure class=\"wp-block-image size-large\"><img decoding=\"async\" src=\"https:\/\/lh3.googleusercontent.com\/pw\/AP1GczOn04sOhqpcw2G7KF_nSKw5Zd7trtbR9CyN40CnBiHVtbJHQAKT3Sv5WDHSjlLjObA_mILMOI8zc1cEBN6KMFdbnvs-nL2WeMXjQL9jkNcBRpAyYVeCRS3F1v0pjPFFFLUczLBY_yyxdofivu7NV1aiqA=w728-h1024-s-no?authuser=0\" alt=\"\"\/><\/figure>\n<\/div>\n<\/div>\n\n\n\n<div class=\"wp-block-columns is-layout-flex wp-container-core-columns-is-layout-9d6595d7 wp-block-columns-is-layout-flex\">\n<div class=\"wp-block-column is-layout-flow wp-block-column-is-layout-flow\">\n<p><strong>LEMA:<\/strong> &#8220;Fa 150 anys&#8221;.<br><strong>ARTISTE:<\/strong> Falles Ximo Mart\u00ed.<br><strong>SECCI\u00d3:<\/strong> 2ona A.<br><strong>PREMI:<\/strong> 5nt Premi Secci\u00f3 2ona A.<\/p>\n<\/div>\n\n\n\n<div class=\"wp-block-column is-layout-flow wp-block-column-is-layout-flow\">\n<p><strong>LEMA:<\/strong> &#8220;M\u00f2nstruos Valencians&#8221;.<br><strong>ARTISTE:<\/strong> Santi Mu\u00f1oz.<br><strong>SECCI\u00d3:<\/strong> 3era.<br><strong>PREMI:<\/strong> 12im Premi Secci\u00f3 3era.<\/p>\n<\/div>\n<\/div>\n\n\n\n<h3 class=\"wp-block-heading has-text-align-center\">Falla Pla\u00e7a del Pilar<\/h3>\n\n\n\n<div class=\"wp-block-columns is-layout-flex wp-container-core-columns-is-layout-9d6595d7 wp-block-columns-is-layout-flex\">\n<div class=\"wp-block-column is-layout-flow wp-block-column-is-layout-flow\">\n<figure class=\"wp-block-image size-large\"><img decoding=\"async\" src=\"https:\/\/lh3.googleusercontent.com\/pw\/ADCreHfqUPBTRc9OSq70oRlliU0BwUS__v6UCtVv2Kg0-a7DEnBvSN0drgNB-QQBTobNGloFThg-bGQYCSeX6kZ8f-nG50jfwz2zInJQLPCNhaGY_FS4_jS8gSES376PjwAFG5zVL3ykRCQ5B3NgNiBURmZYpQ=w1298-h1298-s-no?authuser=0\" alt=\"\"\/><\/figure>\n<\/div>\n\n\n\n<div class=\"wp-block-column is-layout-flow wp-block-column-is-layout-flow\">\n<figure class=\"wp-block-image size-large\"><img decoding=\"async\" src=\"https:\/\/lh3.googleusercontent.com\/pw\/ADCreHez5Xdj8CW3bLs7a4BMLFBViPwVsE4Gm8Flw37OihhZ1M-sg1ypzlB5sPCkeenuarocd5Mfj9gisyaD_A5zCKaoWMO1blw88VjdggavDWWqlRjMM5chNLorwwnt10i8dk9XKKVJTYEfJR88fMZhHqJ1OA=w1002-h1418-s-no?authuser=0\" alt=\"\"\/><\/figure>\n<\/div>\n<\/div>\n\n\n\n<div class=\"wp-block-columns is-layout-flex wp-container-core-columns-is-layout-9d6595d7 wp-block-columns-is-layout-flex\">\n<div class=\"wp-block-column is-layout-flow wp-block-column-is-layout-flow\">\n<figure class=\"wp-block-image size-large\"><img decoding=\"async\" src=\"https:\/\/lh3.googleusercontent.com\/pw\/AP1GczMFnBbypxI3P2FZbSvCQOS18yAezGRurwCBtn_tjNamNntHHXLtoQX94sV9FT8Z60GoW659TYXeGY5fmuGfDntkfz0JwVQQYufkb6UM-hVDV7chdldmvlQ9r4g-BgNjqCs3rdSuGhkrrhgj8i2pwsdJrg=w2048-h1352-s-no?authuser=0\" alt=\"\"\/><\/figure>\n<\/div>\n\n\n\n<div class=\"wp-block-column is-layout-flow wp-block-column-is-layout-flow\">\n<figure class=\"wp-block-image size-large\"><img decoding=\"async\" src=\"https:\/\/lh3.googleusercontent.com\/pw\/AP1GczMhJIhb5XLpgjUSy1QuOa9NmcRc4_rUwesObc72_x-ocrmGSHjEvGwDqSlrHDUFHrw39xl8fPVWv94H_8zs2RCrW5_rnk2VMUjt81TX-UWd6m7FWjwT7BLRswQlxoDZUX8Nbs6xwcmsfWfrJLIyG-IxGA=w768-h888-s-no?authuser=0\" alt=\"\"\/><\/figure>\n<\/div>\n<\/div>\n\n\n\n<div class=\"wp-block-columns is-layout-flex wp-container-core-columns-is-layout-9d6595d7 wp-block-columns-is-layout-flex\">\n<div class=\"wp-block-column is-layout-flow wp-block-column-is-layout-flow\">\n<p><strong>LEMA:<\/strong> &#8220;Vud\u00fa&#8221;.<br><strong>ARTISTE:<\/strong> Paco Torres.<br><strong>SECCI\u00d3:<\/strong> Especial.<br><strong>PREMI:<\/strong> 3er Premi Secci\u00f3 Especial.<\/p>\n<\/div>\n\n\n\n<div class=\"wp-block-column is-layout-flow wp-block-column-is-layout-flow\">\n<p><strong>LEMA:<\/strong> &#8220;Efecto Mariposa&#8221;.<br><strong>ARTISTE:<\/strong> Taller Art\u00edstico Borja Llorens.<br><strong>SECCI\u00d3:<\/strong> 1era.<br><strong>PREMI:<\/strong> 8au Premi Secci\u00f3 1era.<\/p>\n<\/div>\n<\/div>\n\n\n\n<h3 class=\"wp-block-heading has-text-align-center\">Falla Guillem de Castro i Triador<\/h3>\n\n\n\n<div class=\"wp-block-columns is-layout-flex wp-container-core-columns-is-layout-9d6595d7 wp-block-columns-is-layout-flex\">\n<div class=\"wp-block-column is-layout-flow wp-block-column-is-layout-flow\">\n<figure class=\"wp-block-image size-large\"><img decoding=\"async\" src=\"https:\/\/lh3.googleusercontent.com\/pw\/ADCreHcZn6YQDlEH7toKBNDXCC3xtT37qe97blXR9XNyb4rsZqDkVTyJgBOZuSDWYm4JkJlirMbR7zTVBRuQO6vjr-xYp82d2f0czf0pimDckv02rrNECWobVwe3lLcQoWxlfx3Pjj5u6dlgSlJelEqgd3V7WA=w1026-h1418-s-no?authuser=0\" alt=\"\"\/><\/figure>\n<\/div>\n\n\n\n<div class=\"wp-block-column is-layout-flow wp-block-column-is-layout-flow\">\n<figure class=\"wp-block-image size-large\"><img decoding=\"async\" src=\"https:\/\/lh3.googleusercontent.com\/pw\/ADCreHfugzhKpvgZdzFwuxFLdowKGReiZgQ2TDHZMZqnotWlFFbD-LJL1B_LRUot2FNg0ISKqQ7ui9fg4BPfksJrLDjEfo9JOacFB-YM_nfWxC9k0VM2_JXmRGwl1tbjfSz2jO4dWHSDMK-QzPIErOWsr6oz4w=w1026-h1418-s-no?authuser=0\" alt=\"\"\/><\/figure>\n<\/div>\n<\/div>\n\n\n\n<div class=\"wp-block-columns is-layout-flex wp-container-core-columns-is-layout-9d6595d7 wp-block-columns-is-layout-flex\">\n<div class=\"wp-block-column is-layout-flow wp-block-column-is-layout-flow\">\n<figure class=\"wp-block-image size-large\"><img decoding=\"async\" src=\"https:\/\/lh3.googleusercontent.com\/pw\/AP1GczNygI8aY07cG_MVvT3GanrVZ5ohJUCJbYA_j2HjstPibSqSxcroq-ffsavei5lgISK5mFoImnTlQuoJly-W026QaftQnQ3Z9EVz_vzYJKQeJFDvLZw_ijHXP4wJ33eclhuf8QZbrYSGq48rUw28R8Niyw=w768-h1024-s-no?authuser=0\" alt=\"\"\/><\/figure>\n<\/div>\n\n\n\n<div class=\"wp-block-column is-layout-flow wp-block-column-is-layout-flow\">\n<figure class=\"wp-block-image size-large\"><img decoding=\"async\" src=\"https:\/\/lh3.googleusercontent.com\/pw\/AP1GczPby782JbR2Y4NLnKiAbNvG-ZJu6ZS1-0X94ypLBnMgFD704TgMRf_ZZ9EGiqCiS_be_ZOq3PN4dfF0KBUsbfD9G9ZX9_aQxG3H4Y5HmjFY_HsLkyZttf_r2QIaQk1zcCyt4V7lTJ7kgzZMQRxQbtO_Vw=w594-h708-s-no?authuser=0\" alt=\"\"\/><\/figure>\n<\/div>\n<\/div>\n\n\n\n<div class=\"wp-block-columns is-layout-flex wp-container-core-columns-is-layout-9d6595d7 wp-block-columns-is-layout-flex\">\n<div class=\"wp-block-column is-layout-flow wp-block-column-is-layout-flow\">\n<p><strong>LEMA:<\/strong> &#8220;Llorer&#8221;.<br><strong>ARTISTE:<\/strong> Celso Sierra.<br><strong>SECCI\u00d3:<\/strong> 8ava C.<br><strong>PREMI:<\/strong> 4rt Premi Secci\u00f3 8ava C.<\/p>\n<\/div>\n\n\n\n<div class=\"wp-block-column is-layout-flow wp-block-column-is-layout-flow\">\n<p><strong>LEMA:<\/strong> &#8220;Falles en la lluna&#8221;.<br><strong>ARTISTE:<\/strong> Celso Sierra.<br><strong>SECCI\u00d3:<\/strong> 22ima.<br><strong>PREMI:<\/strong> 8au Premi Secci\u00f3 22ima.<\/p>\n<\/div>\n<\/div>\n\n\n\n<h3 class=\"wp-block-heading has-text-align-center\">Falla Sant Vicent &#8211; Periodiste Azzati<\/h3>\n\n\n\n<div class=\"wp-block-columns is-layout-flex wp-container-core-columns-is-layout-9d6595d7 wp-block-columns-is-layout-flex\">\n<div class=\"wp-block-column is-layout-flow wp-block-column-is-layout-flow\">\n<figure class=\"wp-block-image size-large\"><img decoding=\"async\" src=\"https:\/\/lh3.googleusercontent.com\/pw\/ADCreHdIxuIJU9PjPhFsBcyOVftGG_aZ8ZGlNpZOoL1hzlp5hbsZAt1ES8WO8XIQTo8RgMErG9d0uxgCWz_GDgufL1tXoJy-TLM3woXIf5SmWr5ma79XWomjcQuo0vLmpjjOJIJlxj3diblapuHVYju1yjJu3g=w1418-h1418-s-no?authuser=0\" alt=\"\"\/><\/figure>\n<\/div>\n\n\n\n<div class=\"wp-block-column is-layout-flow wp-block-column-is-layout-flow\">\n<figure class=\"wp-block-image size-large\"><img decoding=\"async\" src=\"https:\/\/lh3.googleusercontent.com\/pw\/ADCreHfLK5DJo7iefGc6B7p6snsbj5HXt5nuQf7ZnjgxK7K06HSi-rtT6Qt979a0uvgLfVL1QSAFxj92AgErrNKBQDTCJNh2tgzH6UDtfmNayw00JdNSrNfD9jiBNUrAvGQpI3up4OeC4uAbNOgOdf4do7yw8g=w1002-h1418-s-no?authuser=0\" alt=\"\"\/><\/figure>\n<\/div>\n<\/div>\n\n\n\n<div class=\"wp-block-columns is-layout-flex wp-container-core-columns-is-layout-9d6595d7 wp-block-columns-is-layout-flex\">\n<div class=\"wp-block-column is-layout-flow wp-block-column-is-layout-flow\">\n<figure class=\"wp-block-image size-large\"><img decoding=\"async\" src=\"https:\/\/lh3.googleusercontent.com\/pw\/AP1GczMoBYlB8pcQU2Bg2OD1Hvw7GOTjDF33XZJg4u-Dk2Yo17Peg5sKtVTAH808W-hU04c3k8TKTwAIDx7vjUBS9ed7nFds6Y1eqUdTGSn90-cxkwx84l37Hlu07mQWEJO2HnjD51PMMJZ2gdyttffCuFNkxw=w768-h1024-s-no?authuser=0\" alt=\"\"\/><\/figure>\n<\/div>\n\n\n\n<div class=\"wp-block-column is-layout-flow wp-block-column-is-layout-flow\">\n<figure class=\"wp-block-image size-large\"><img decoding=\"async\" src=\"https:\/\/lh3.googleusercontent.com\/pw\/AP1GczP5d9pc7KoXV-Rc6RzF00NDTbfvToUcIM-IJMIHTQLZz6Bz-tfwY2Ko24_i8nQAWvGMAgBO5wb1BpFYd7a1AHUe-wBgyojscTQrGof_-x4iBs_zRtUF5l-HFsuYGjTxUsXo1mqH5togCb-4-C62k1JuTA=w768-h872-s-no?authuser=0\" alt=\"\"\/><\/figure>\n<\/div>\n<\/div>\n\n\n\n<div class=\"wp-block-columns is-layout-flex wp-container-core-columns-is-layout-9d6595d7 wp-block-columns-is-layout-flex\">\n<div class=\"wp-block-column is-layout-flow wp-block-column-is-layout-flow\">\n<p><strong>LEMA:<\/strong> &#8220;Mar de fons&#8221;.<br><strong>ARTISTE:<\/strong> Pau Soler.<br><strong>SECCI\u00d3:<\/strong> 1era A.<br><strong>PREMI:<\/strong> 10im Premi Secci\u00f3 1era A.<\/p>\n<\/div>\n\n\n\n<div class=\"wp-block-column is-layout-flow wp-block-column-is-layout-flow\">\n<p><strong>LEMA:<\/strong> &#8220;Sobre rodes&#8221;.<br><strong>ARTISTE:<\/strong> Santi Mu\u00f1oz.<br><strong>SECCI\u00d3:<\/strong> 2ona.<br><strong>PREMI:<\/strong> 5nt Premi Secci\u00f3 2ona.<\/p>\n<\/div>\n<\/div>\n\n\n\n<h3 class=\"wp-block-heading has-text-align-center\">Falla En Sendra &#8211; Pla\u00e7a Coll &#8220;El Tro&#8221;<\/h3>\n\n\n\n<div class=\"wp-block-columns is-layout-flex wp-container-core-columns-is-layout-9d6595d7 wp-block-columns-is-layout-flex\">\n<div class=\"wp-block-column is-layout-flow wp-block-column-is-layout-flow\">\n<figure class=\"wp-block-image size-large\"><img decoding=\"async\" src=\"https:\/\/lh3.googleusercontent.com\/pw\/ADCreHeLvoW1eVgsI_ewUFZwple137xe1EEodSSLefQF4yMmwvrNN9lfZ2lWslyaDxtGP7lYy6_iUTEDobWYUdikKrHFSBbnrX-dCVIrPARpWP2IpZdcqxdz7bJu2-9Yf-I7oY5jF_ULK6gtortYBlcDMxozSw=w1142-h1154-s-no?authuser=0\" alt=\"\"\/><\/figure>\n<\/div>\n\n\n\n<div class=\"wp-block-column is-layout-flow wp-block-column-is-layout-flow\">\n<figure class=\"wp-block-image size-large\"><img decoding=\"async\" src=\"https:\/\/lh3.googleusercontent.com\/pw\/ADCreHcZuJakXpJwlbUEWQ8L_9Gj-6SDbK_qy5g8rbBaepXWSq_8tfRf2Fr0A4Au5qY5UCwc7ewdP5P7i-lc3vNkMB2AT9YLFAgcG8dsjezmvljnz7lsp4pn2zjLDgYqZN3163L3KMLabsDAtH2d4uM60CH2Pw=w947-h1257-s-no?authuser=0\" alt=\"\"\/><\/figure>\n<\/div>\n<\/div>\n\n\n\n<div class=\"wp-block-columns is-layout-flex wp-container-core-columns-is-layout-9d6595d7 wp-block-columns-is-layout-flex\">\n<div class=\"wp-block-column is-layout-flow wp-block-column-is-layout-flow\">\n<figure class=\"wp-block-image size-large\"><img decoding=\"async\" src=\"https:\/\/lh3.googleusercontent.com\/pw\/AP1GczMB0nLxesvv2YDtLZrKBIBpbnB31aSscGTqnNdv_5nVt_15u2CIa2JQw8zvLYXkoeeewdYSJtYznJJIFDhq-XM2jdACQgGvvzPYWEifNuas7KzwoJwj7WtuhqEwV3_PjTvWlkCBJs7VpKykOyP7Om-NWw=w768-h964-s-no?authuser=0\" alt=\"\"\/><\/figure>\n<\/div>\n\n\n\n<div class=\"wp-block-column is-layout-flow wp-block-column-is-layout-flow\">\n<figure class=\"wp-block-image size-large\"><img decoding=\"async\" src=\"https:\/\/lh3.googleusercontent.com\/pw\/AP1GczOfKpKMXHfRq71GbLHqk1zFWeHrqrb44NmUxD0tQ530Zb7L_SEVxRybVXt8pf5g1Bp5Uf5sE5FNliLio2eqQxVyeNz_7Tyl9bPh331WsuK3UKG1ThBJcXoQ6NU9oxVpULahTjNj1yiIlTFN4UfKQ3Qv7Q=w768-h1024-s-no?authuser=0\" alt=\"\"\/><\/figure>\n<\/div>\n<\/div>\n\n\n\n<div class=\"wp-block-columns is-layout-flex wp-container-core-columns-is-layout-9d6595d7 wp-block-columns-is-layout-flex\">\n<div class=\"wp-block-column is-layout-flow wp-block-column-is-layout-flow\">\n<p><strong>LEMA:<\/strong> &#8220;\u00a1\u00a1Viva M\u00e9xico!!&#8221;.<br><strong>ARTISTE:<\/strong> Rub\u00e9n Vela.<br><strong>SECCI\u00d3:<\/strong> 7ima C.<br><strong>PREMIS:<\/strong> 2on Premi Secci\u00f3 7imaC i Ninot en m\u00e9s Ingeni i Gr\u00e0cia de la Secci\u00f3 7ima C.<\/p>\n<\/div>\n\n\n\n<div class=\"wp-block-column is-layout-flow wp-block-column-is-layout-flow\">\n<p><strong>LEMA:<\/strong> &#8220;L&#8217;aigua&#8221;.<br><strong>ARTISTE:<\/strong> Rub\u00e9n Vela.<br><strong>SECCI\u00d3:<\/strong> 19ena.<\/p>\n<\/div>\n<\/div>\n\n\n\n<h3 class=\"wp-block-heading has-text-align-center\">Falla En Plom i Guillem de Castro<\/h3>\n\n\n\n<div class=\"wp-block-columns is-layout-flex wp-container-core-columns-is-layout-9d6595d7 wp-block-columns-is-layout-flex\">\n<div class=\"wp-block-column is-layout-flow wp-block-column-is-layout-flow\">\n<figure class=\"wp-block-image size-large\"><img decoding=\"async\" src=\"https:\/\/lh3.googleusercontent.com\/pw\/ADCreHcykfLL-IHR-j7WTSSMel4EyFks_pr6kcy3EZm8BvEzh11Mtu05nYq3EcsrOYiNdrznFuMvRL56QkonJcg7ftwMSrPNE5jcRouXC0IoRRhxuDTFqJ25ymhGAjACyW_F10C-OmXivCEm0lSDd1PktQdigQ=w1004-h1418-s-no?authuser=0\" alt=\"\"\/><\/figure>\n<\/div>\n\n\n\n<div class=\"wp-block-column is-layout-flow wp-block-column-is-layout-flow\">\n<figure class=\"wp-block-image size-large\"><img decoding=\"async\" src=\"https:\/\/lh3.googleusercontent.com\/pw\/ADCreHe6JGph_tVk6cHl9XgrOY8sDGsXnfpPj-7w9VYbZzF_DBafjzxQqDiE9ct7AE3xIXVs_0Vr7hBbyuNr0OG2mTN1OtB3-h-U1bOBz5SmyfDirRV-9svgJnxdADnX2diUCilr9xKEptNqnraDZyqDbdiuvQ=w1094-h1418-s-no?authuser=0\" alt=\"\"\/><\/figure>\n<\/div>\n<\/div>\n\n\n\n<div class=\"wp-block-columns is-layout-flex wp-container-core-columns-is-layout-9d6595d7 wp-block-columns-is-layout-flex\">\n<div class=\"wp-block-column is-layout-flow wp-block-column-is-layout-flow\">\n<figure class=\"wp-block-image size-large\"><img decoding=\"async\" src=\"https:\/\/lh3.googleusercontent.com\/pw\/AP1GczPdcSGREJ_cmQ8ql1ui1lzpflhv_moVymU4K9zo5NMtQ3fbJHIBWDLL6oahleqgWVW9_k0pH_BDAa-gC-yDKSQ-U5v6bIca9VqdUqpSoWZvUrRBDpoPotXtxjZuUiWffFRG-Oaki4mZZUrQ5nvnP6xPbg=w531-h708-s-no?authuser=0\" alt=\"\"\/><\/figure>\n<\/div>\n\n\n\n<div class=\"wp-block-column is-layout-flow wp-block-column-is-layout-flow\">\n<figure class=\"wp-block-image size-large\"><img decoding=\"async\" src=\"https:\/\/lh3.googleusercontent.com\/pw\/AP1GczM6v4NtCeyg0BwVw5sKNCz3YjL3-bawJKmeqda5ogDfH--YP8t3MICg4O7t1l9Xacwn9gSXyypKDjn3BS0B0aIWSZelzqMaVfxvy7hxtLzCsXcGE0YnPN59xH3ouBjSLFJ82nqZyxmuj0GrTx-GdrzbZw=w749-h1024-s-no?authuser=0\" alt=\"\"\/><\/figure>\n<\/div>\n<\/div>\n\n\n\n<div class=\"wp-block-columns is-layout-flex wp-container-core-columns-is-layout-9d6595d7 wp-block-columns-is-layout-flex\">\n<div class=\"wp-block-column is-layout-flow wp-block-column-is-layout-flow\">\n<p><strong>LEMA:<\/strong> &#8220;Els Supers de la festa&#8221;.<br><strong>ARTISTE:<\/strong> Ximo Esteve Mares.<br><strong>SECCI\u00d3:<\/strong> 6xta C.<br><strong>PREMI:<\/strong> 5nt Premi Secci\u00f3 6xta C.<\/p>\n<\/div>\n\n\n\n<div class=\"wp-block-column is-layout-flow wp-block-column-is-layout-flow\">\n<p><strong>LEMA:<\/strong> &#8220;De pel\u00edcula&#8221;.<br><strong>ARTISTE:<\/strong> Juan A. Navarro Guijarro.<br><strong>SECCI\u00d3:<\/strong> 18ava.<br><strong>PREMIS:<\/strong> 8au Premi Secci\u00f3 18ava i Millor Ninot Infantil de la Secci\u00f3 18ava.<\/p>\n<\/div>\n<\/div>\n\n\n\n<h3 class=\"wp-block-heading has-text-align-center\">Falla Guillem Sorolla i Recaredo<\/h3>\n\n\n\n<div class=\"wp-block-columns is-layout-flex wp-container-core-columns-is-layout-9d6595d7 wp-block-columns-is-layout-flex\">\n<div class=\"wp-block-column is-layout-flow wp-block-column-is-layout-flow\">\n<figure class=\"wp-block-image size-large\"><img decoding=\"async\" src=\"https:\/\/lh3.googleusercontent.com\/pw\/ADCreHc6zzOzFZCrqwzNmXh93-DlB_oAa_MZWKi0A_2fo0xXQoSS9CNvwT9ooXErp9zTejFJUl0beseaoQkqiIChycnAQShUWNBEDRRlCHTHu4NGO1h0BTu4zLHmB1wZkxTRfa7oRLAdmshc6WJbKRGNAOdkxA=w724-h1024-s-no?authuser=0\" alt=\"\"\/><\/figure>\n<\/div>\n\n\n\n<div class=\"wp-block-column is-layout-flow wp-block-column-is-layout-flow\">\n<figure class=\"wp-block-image size-large\"><img decoding=\"async\" src=\"https:\/\/lh3.googleusercontent.com\/pw\/ADCreHepQJoAthvpLYswJctXrzq_lUQGEOJWO3GBxm-EydYDCtC85k3447Jb-gMLqfScjjV7qJcP0jIJpzYx3JV2MxJYzjZNRT7u8eSj89y1ECtsaTqo0z8cE4I6LABxpSADLD9Zrkd7u9uae7GL4TWe0s90vg=w982-h1418-s-no?authuser=0\" alt=\"\"\/><\/figure>\n<\/div>\n<\/div>\n\n\n\n<div class=\"wp-block-columns is-layout-flex wp-container-core-columns-is-layout-9d6595d7 wp-block-columns-is-layout-flex\">\n<div class=\"wp-block-column is-layout-flow wp-block-column-is-layout-flow\">\n<figure class=\"wp-block-image size-large\"><img decoding=\"async\" src=\"https:\/\/lh3.googleusercontent.com\/pw\/AP1GczP6sLqNGVS291TjL-ZuEjTHZCajjzERimBMNB_yxtY7k4qV5dJZZ2W_GqwgDdHzfeigxQuu2xVrKE2FILaVtICpA66oKpCafAZldf4Svj22zPSE3CFEklYVbudKnWoR5grDTl2WQuE62vV4-xqWcGN16g=w768-h983-s-no?authuser=0\" alt=\"\"\/><\/figure>\n<\/div>\n\n\n\n<div class=\"wp-block-column is-layout-flow wp-block-column-is-layout-flow\">\n<figure class=\"wp-block-image size-large\"><img decoding=\"async\" src=\"https:\/\/lh3.googleusercontent.com\/pw\/AP1GczO6oe7CbZPJZ6HiI8P2DBaLEdKZTry2ftuJDtTFKBQoQr2AOYa2vsQEFWJ0CPqYRQZb-HECkYfhIBulK74qYB99NCt-5i0Slrq3hKsRE2wV4SSzY8z9NJV9g4Zku4RdzrstA9AeUcTKn9XCuMTGwqZ0Cw=w768-h1024-s-no?authuser=0\" alt=\"\"\/><\/figure>\n<\/div>\n<\/div>\n\n\n\n<div class=\"wp-block-columns is-layout-flex wp-container-core-columns-is-layout-9d6595d7 wp-block-columns-is-layout-flex\">\n<div class=\"wp-block-column is-layout-flow wp-block-column-is-layout-flow\">\n<p><strong>LEMA:<\/strong> &#8220;Amor per sempre&#8221;.<br><strong>ARTISTE:<\/strong> Art de F\u00f2c.<br><strong>SECCI\u00d3:<\/strong> 8ava C.<br><strong>PREMI:<\/strong> 8au Premi Secci\u00f3 8ava C.<\/p>\n<\/div>\n\n\n\n<div class=\"wp-block-column is-layout-flow wp-block-column-is-layout-flow\">\n<p><strong>LEMA:<\/strong> &#8220;Temps de qualitat&#8221;.<br><strong>ARTISTE:<\/strong> Fet d&#8217;Enc\u00e0rrec.<br><strong>SECCI\u00d3:<\/strong> 19ena.<\/p>\n<\/div>\n<\/div>\n\n\n\n<h3 class=\"wp-block-heading has-text-align-center\">Falla Ribera &#8211; Convent de Santa Clara &#8220;Telef\u00f2nica&#8221;<\/h3>\n\n\n\n<div class=\"wp-block-columns is-layout-flex wp-container-core-columns-is-layout-9d6595d7 wp-block-columns-is-layout-flex\">\n<div class=\"wp-block-column is-layout-flow wp-block-column-is-layout-flow\">\n<figure class=\"wp-block-image size-large\"><img decoding=\"async\" src=\"https:\/\/lh3.googleusercontent.com\/pw\/ADCreHe2VNs5ZzoK2VFR28M-AifRbOyN47gST-AcvpTBEdzqFTL6MeGh_HFqTMHRgBRl6SHSm7Hs1LlYoJEWsPWf0zHnVVTooJq49dF-JEI8xhSNgixs6ogQAgxllc8kQmPjCVvAhr1csq6zAx2WbiIjRNac5w=w1224-h1418-s-no?authuser=0\" alt=\"\"\/><\/figure>\n<\/div>\n\n\n\n<div class=\"wp-block-column is-layout-flow wp-block-column-is-layout-flow\">\n<figure class=\"wp-block-image size-large\"><img decoding=\"async\" src=\"https:\/\/lh3.googleusercontent.com\/pw\/ADCreHcfKvOyTjyoXmHqWGwpStV_MqG3v6t363DL0aK89c3UNyfJj11-C4nPnBbosYH3DwVm-e69FVG3WHk_5yiT7JIIcQDAUp8Q9_o6UDW88YaxM8WLmJrA5MNgzUxWDS2a-YoNoPxCl9VtvTYSMVfkveKyjg=w1299-h1292-s-no?authuser=0\" alt=\"\"\/><\/figure>\n<\/div>\n<\/div>\n\n\n\n<div class=\"wp-block-columns is-layout-flex wp-container-core-columns-is-layout-9d6595d7 wp-block-columns-is-layout-flex\">\n<div class=\"wp-block-column is-layout-flow wp-block-column-is-layout-flow\">\n<figure class=\"wp-block-image size-large\"><img decoding=\"async\" src=\"https:\/\/lh3.googleusercontent.com\/pw\/AP1GczMa_NwuwqpUfC3KF_O2mbqYORui6d_0O_DruDpnHQp87qCwAWEM-ee_kkG8jcAghJsrbsPkjIkxnDy3vn8NiG-ifkkFBxCETKPLOEi7xvFhor8nspJgNEQ0Jl9nM4g4scp5ZS81mw7K65l75X9bWTVjaQ=w1024-h768-s-no?authuser=0\" alt=\"\"\/><\/figure>\n<\/div>\n\n\n\n<div class=\"wp-block-column is-layout-flow wp-block-column-is-layout-flow\">\n<figure class=\"wp-block-image size-large\"><img decoding=\"async\" src=\"https:\/\/lh3.googleusercontent.com\/pw\/AP1GczMhZssCkmZObGlEouUBv-aC1_8DJaA-P6pEtb7fAAfWz0WJLgsfye3exqa6Iyoi4oqPLKKjdQ7r_DDC1E0qZ138lCanyBk6FrS50NQIoYJvOOJRyCRl0ADexnlbYj1vfhiSwRfs7yettewoH2JortccZA=w590-h708-s-no?authuser=0\" alt=\"\"\/><\/figure>\n<\/div>\n<\/div>\n\n\n\n<div class=\"wp-block-columns is-layout-flex wp-container-core-columns-is-layout-9d6595d7 wp-block-columns-is-layout-flex\">\n<div class=\"wp-block-column is-layout-flow wp-block-column-is-layout-flow\">\n<p><strong>LEMA:<\/strong> &#8220;Let&#8217;s dance&#8221;.<br><strong>ARTISTE:<\/strong> Miguel Santaeulalia Serr\u00e1n.<br><strong>SECCI\u00d3:<\/strong> 1era A.<br><strong>PREMIS:<\/strong> 4rt Premi Secci\u00f3 1era A i Millor Ninot de la Secci\u00f3 1era A.<\/p>\n<\/div>\n\n\n\n<div class=\"wp-block-column is-layout-flow wp-block-column-is-layout-flow\">\n<p><strong>LEMA:<\/strong> &#8220;Y colorin, colorat, este conte, \u00a1NO s&#8217;ha acabat!&#8221;.<br><strong>ARTISTE:<\/strong> Javier \u00c1lvarez-Sala Salinas.<br><strong>SECCI\u00d3:<\/strong> 1era.<br><strong>PREMI:<\/strong> 11im Premi Secci\u00f3 1era.<\/p>\n<\/div>\n<\/div>\n","protected":false},"excerpt":{"rendered":"<p>Ac\u00ed teniu els esbossos que es varen presentar en la nostra Agrupaci\u00f3 el 26 de novembre de 2023 en la XII Presentaci\u00f3 d\u2019Esbossos de l\u2019Agrupaci\u00f3 i que se plantaran en les nostres demarcacions del 15 al 19 de mar\u00e7 de 2024. Les fotografies pujades de les Falles s\u00f3n de Cendra Digital (moltes gr\u00e0cies pel teu [&hellip;]<\/p>\n","protected":false},"author":6,"featured_media":0,"parent":1111,"menu_order":2,"comment_status":"closed","ping_status":"closed","template":"","meta":{"_monsterinsights_skip_tracking":false,"_monsterinsights_sitenote_active":false,"_monsterinsights_sitenote_note":"","_monsterinsights_sitenote_category":0,"jetpack_post_was_ever_published":false,"footnotes":""},"class_list":["post-12116","page","type-page","status-publish","hentry"],"aioseo_notices":[],"jetpack-related-posts":[{"id":12638,"url":"https:\/\/pilarsantfrancesc.es\/val\/esbossos\/any-2025\/","url_meta":{"origin":12116,"position":0},"title":"Any 2025","author":"imacuchc","date":"16 Decembre, 2024","format":false,"excerpt":"Ac\u00ed teniu els esbossos que es varen presentar en la nostra Agrupaci\u00f3 el 21 de decembre de 2024 en la XIII Presentaci\u00f3 d'Esbossos de l'Agrupaci\u00f3 i que es plantaran en les nostres demarcacions del 15 al 19 de mar\u00e7 de 2025.En este enlla\u00e7, podeu vore i descarregar-vos un PDF en\u2026","rel":"","context":"Similar post","block_context":{"text":"Similar post","link":""},"img":{"alt_text":"","src":"","width":0,"height":0},"classes":[]},{"id":1007,"url":"https:\/\/pilarsantfrancesc.es\/val\/esbossos\/any-2020-21\/","url_meta":{"origin":12116,"position":1},"title":"Any 2020+1","author":"imacuchc","date":"26 Decembre, 2019","format":false,"excerpt":"Ac\u00ed teniu els esbossos que es varen presentar en la nostra Agrupaci\u00f3 el 21 de decembre de 2019 en la IX Exposici\u00f3 d\u2019Esbossos de l\u2019Agrupaci\u00f3, que es varen plantar en les nostres demarcacions del 1 al 5 de setembre de 2021: (Fotos de ALEJANDRO VICENT ANDR\u00c9S) i els premis que\u2026","rel":"","context":"Similar post","block_context":{"text":"Similar post","link":""},"img":{"alt_text":"","src":"","width":0,"height":0},"classes":[]},{"id":1111,"url":"https:\/\/pilarsantfrancesc.es\/val\/esbossos\/","url_meta":{"origin":12116,"position":2},"title":"Esbossos","author":"imacuchc","date":"26 Decembre, 2019","format":false,"excerpt":"Fes clic sobre l'any que t'interessa vore: Any 2025Any 2024Any 2023Any 2022Any 2020+1Any 2019Any 2018Any 2017Any 2016Any 2015Any 2014Any 2013 (En construcci\u00f3)","rel":"","context":"Similar post","block_context":{"text":"Similar post","link":""},"img":{"alt_text":"Escudo AEPSF","src":"https:\/\/i0.wp.com\/pilarsantfrancesc.es\/val\/wp-content\/uploads\/sites\/2\/2026\/02\/Triador-scaled-1.jpgwp-content\/uploads\/sites\/2\/2019\/05\/escudo_epsf_elipse-1.png?resize=350%2C200","width":350,"height":200},"classes":[]},{"id":9278,"url":"https:\/\/pilarsantfrancesc.es\/val\/esbossos\/any-2023\/","url_meta":{"origin":12116,"position":3},"title":"Any 2023","author":"imacuchc","date":"18 Decembre, 2022","format":false,"excerpt":"Ac\u00ed teniu els esbossos que es varen presentar en la nostra Agrupaci\u00f3 el 11 de decembre de 2022 en la XI Presentaci\u00f3 d'Esbossos de l'Agrupaci\u00f3 i que es plantaran en les nostres demarcacions del 15 al 19 de mar\u00e7 de 2023. Les fotografies pujades de les Falles s\u00f3n de Cendra\u2026","rel":"","context":"Similar post","block_context":{"text":"Similar post","link":""},"img":{"alt_text":"","src":"","width":0,"height":0},"classes":[]},{"id":13412,"url":"https:\/\/pilarsantfrancesc.es\/val\/esbossos\/any-2026\/","url_meta":{"origin":12116,"position":4},"title":"Any 2026","author":"imacuchc","date":"20 Decembre, 2025","format":false,"excerpt":"Ac\u00ed teniu els esbossos que es varen presentar en la nostra Agrupaci\u00f3 el 20 de decembre de 2025 en la XIV Presentaci\u00f3 d'Esbossos de l'Agrupaci\u00f3 i que es plantaran en les nostres demarcacions del 15 al 19 de mar\u00e7 de 2026.En este enlla\u00e7, podeu vore i descarregar-vos un PDF en\u2026","rel":"","context":"Similar post","block_context":{"text":"Similar post","link":""},"img":{"alt_text":"","src":"","width":0,"height":0},"classes":[]},{"id":10508,"url":"https:\/\/pilarsantfrancesc.es\/val\/esbossos\/any-2022\/","url_meta":{"origin":12116,"position":5},"title":"Any 2022","author":"imacuchc","date":"20 Decembre, 2021","format":false,"excerpt":"Ac\u00ed teniu els esbossos que se presentaren en la nostra Agrupaci\u00f3 el 19 de decembre de 2021 en la X Exposici\u00f3 d'Esbossos de l'Agrupaci\u00f3 i que se plantaran en les nostres demarcacions del 15 al 19 de mar\u00e7 de 2022 i els premis obtinguts. Gr\u00e0cies a tots i a totes\u2026","rel":"","context":"Similar post","block_context":{"text":"Similar post","link":""},"img":{"alt_text":"","src":"","width":0,"height":0},"classes":[]}],"jetpack_sharing_enabled":true,"_links":{"self":[{"href":"https:\/\/pilarsantfrancesc.es\/val\/wp-json\/wp\/v2\/pages\/12116","targetHints":{"allow":["GET"]}}],"collection":[{"href":"https:\/\/pilarsantfrancesc.es\/val\/wp-json\/wp\/v2\/pages"}],"about":[{"href":"https:\/\/pilarsantfrancesc.es\/val\/wp-json\/wp\/v2\/types\/page"}],"author":[{"embeddable":true,"href":"https:\/\/pilarsantfrancesc.es\/val\/wp-json\/wp\/v2\/users\/6"}],"replies":[{"embeddable":true,"href":"https:\/\/pilarsantfrancesc.es\/val\/wp-json\/wp\/v2\/comments?post=12116"}],"version-history":[{"count":7,"href":"https:\/\/pilarsantfrancesc.es\/val\/wp-json\/wp\/v2\/pages\/12116\/revisions"}],"predecessor-version":[{"id":12654,"href":"https:\/\/pilarsantfrancesc.es\/val\/wp-json\/wp\/v2\/pages\/12116\/revisions\/12654"}],"up":[{"embeddable":true,"href":"https:\/\/pilarsantfrancesc.es\/val\/wp-json\/wp\/v2\/pages\/1111"}],"wp:attachment":[{"href":"https:\/\/pilarsantfrancesc.es\/val\/wp-json\/wp\/v2\/media?parent=12116"}],"curies":[{"name":"wp","href":"https:\/\/api.w.org\/{rel}","templated":true}]}}