{"id":9278,"date":"2022-12-18T20:46:10","date_gmt":"2022-12-18T19:46:10","guid":{"rendered":"https:\/\/pilarsantfrancesc.es\/val\/?page_id=9278"},"modified":"2026-01-16T13:59:05","modified_gmt":"2026-01-16T12:59:05","slug":"any-2023","status":"publish","type":"page","link":"https:\/\/pilarsantfrancesc.es\/val\/esbossos\/any-2023\/","title":{"rendered":"Any 2023"},"content":{"rendered":"\n<p style=\"text-align:justify\">Ac\u00ed teniu els esbossos que es varen presentar en la nostra Agrupaci\u00f3 el 11 de decembre de 2022 en la <strong>XI Presentaci\u00f3 d&#8217;Esbossos de l&#8217;Agrupaci\u00f3<\/strong> i que es plantaran en les nostres demarcacions del 15 al 19 de mar\u00e7 de 2023. Les fotografies pujades de les Falles s\u00f3n de <a href=\"https:\/\/www.cendradigital.com\/category\/fallas\/fallas-2023\" target=\"_blank\" rel=\"noopener nofollow\" title=\"\">Cendra Digital<\/a> (moltes gr\u00e0cies pel teu treball).<\/p>\n\n\n\n<h3 class=\"wp-block-heading has-text-align-center\">Falla Murillo i Palomar<\/h3>\n\n\n\n<div class=\"wp-block-columns is-layout-flex wp-container-core-columns-is-layout-9d6595d7 wp-block-columns-is-layout-flex\">\n<div class=\"wp-block-column is-layout-flow wp-block-column-is-layout-flow\">\n<figure class=\"wp-block-image size-large\"><img decoding=\"async\" src=\"https:\/\/lh3.googleusercontent.com\/pw\/AL9nZEVnb_Anv0R2O2NLGFOMaW8pn1HocD929773VLJlMBOYgSvIsEyZEZvtvG8q16ML_zJzMovzMDws26wSch5_KYwMXh9Pq_O6mptqlLzaYFjSAkxMhWQILCthK9LRv5tK-ldPdJAIaK8DFp4eKFZGzZICeA=w524-h830-no?authuser=0\" alt=\"\"\/><\/figure>\n<\/div>\n\n\n\n<div class=\"wp-block-column is-layout-flow wp-block-column-is-layout-flow\">\n<figure class=\"wp-block-image size-large\"><img decoding=\"async\" src=\"https:\/\/lh3.googleusercontent.com\/pw\/AL9nZEXdDW9YJqv7AUh4DdaEaQeNmhprvIYe6HOyVQRm3hw3ishS6Sv0pfucXa_Mr-DaLoj0m8Th5IBCjhBV_d-uLGM8zx5RbhdTwzmjkx0HF_ieWHFoJbTZEBtyAtZ6Apo5JXQ7CLHL4gAKwB-LIONjePrXPw=w1002-h1418-no?authuser=0\" alt=\"\"\/><\/figure>\n<\/div>\n<\/div>\n\n\n\n<div class=\"wp-block-columns is-layout-flex wp-container-core-columns-is-layout-9d6595d7 wp-block-columns-is-layout-flex\">\n<div class=\"wp-block-column is-layout-flow wp-block-column-is-layout-flow\">\n<figure class=\"wp-block-image size-large\"><img decoding=\"async\" src=\"https:\/\/lh3.googleusercontent.com\/pw\/AJFCJaU7k97dXXcLodmh4PZoOveBeCr7bLl6Xj7z1dWUzYgnxByzB5AXDnngkJE4u_lZRXNPQSZ7PngLiAEhr8d-ywK_DTU-bYkRsL_4KTi9S6_t3QTMruwJaBMUhe6CJL0C9FkohILK2gdj9k8kuroRLleBSA=w881-h1023-s-no?authuser=0\" alt=\"\"\/><\/figure>\n<\/div>\n\n\n\n<div class=\"wp-block-column is-layout-flow wp-block-column-is-layout-flow\">\n<figure class=\"wp-block-image size-large\"><img decoding=\"async\" src=\"https:\/\/lh3.googleusercontent.com\/pw\/AJFCJaXGH9kgHLDZqH3u6NdlMffQ-67BeJe9bPqzX3q8ZtEJMN-VuDsZyQuaPRNPRlaJ0lwlaSgQOoJFGhVRgZIff2_WFK3HyASLeSAAUudzl3wzi7HR9erzOC11ub8Evv01ngSJEhu_wvITXrcYom8M0DTJbw=w768-h1024-s-no?authuser=0\" alt=\"\"\/><\/figure>\n<\/div>\n<\/div>\n\n\n\n<div class=\"wp-block-columns is-layout-flex wp-container-core-columns-is-layout-9d6595d7 wp-block-columns-is-layout-flex\">\n<div class=\"wp-block-column is-layout-flow wp-block-column-is-layout-flow\">\n<p><strong>LEMA:<\/strong> &#8220;Pallassades&#8221;.<br><strong>ARTISTE:<\/strong> David S\u00e1nchez i Llongo.<br><strong>SECCI\u00d3:<\/strong> 7ima C.<br><strong>PREMIS:<\/strong> 2on. Premi Secci\u00f3 7ima C i 2on. Premi Ingeni i Gr\u00e0cia Secci\u00f3 7ima C.<\/p>\n<\/div>\n\n\n\n<div class=\"wp-block-column is-layout-flow wp-block-column-is-layout-flow\">\n<p><strong>LEMA:<\/strong> &#8220;Colors i Olors&#8230; Mil flors&#8221;.<br><strong>ARTISTE:<\/strong> Sevior &amp; Priol Arts.<br><strong>SECCI\u00d3:<\/strong> 18ava.<br><strong>PREMI:<\/strong> 2on. Premi Secci\u00f3 18ava.<\/p>\n<\/div>\n<\/div>\n\n\n\n<h3 class=\"wp-block-heading has-text-align-center\">Falla Avinguda de l&#8217;Oest &#8220;Els Velluters&#8221;<\/h3>\n\n\n\n<div class=\"wp-block-columns is-layout-flex wp-container-core-columns-is-layout-9d6595d7 wp-block-columns-is-layout-flex\">\n<div class=\"wp-block-column is-layout-flow wp-block-column-is-layout-flow\">\n<figure class=\"wp-block-image size-large\"><img decoding=\"async\" src=\"https:\/\/lh3.googleusercontent.com\/pw\/AL9nZEU2G4jc7rrEgmFtOX7C4QtOcKMD2cTjOuTcX-ss3891ftVBRfHCGNIEbkdzF3WXUP1ZlNWYxidnRbpE4UySkM3U8iP5uN8SKwskxjkORr7dqQYXIRXvIl_IqrqMH7Qp_6cZF0NDrhgCbwB_wyNVgySBNg=w1136-h1418-no?authuser=0\" alt=\"\"\/><\/figure>\n<\/div>\n\n\n\n<div class=\"wp-block-column is-layout-flow wp-block-column-is-layout-flow\">\n<figure class=\"wp-block-image size-large\"><img decoding=\"async\" src=\"https:\/\/lh3.googleusercontent.com\/pw\/AL9nZEWZyxvL55PYyvtT49a_bib1iXDiqPCLaXeKPHKD-f9RtJY3t2IOn-UaFNmMemN5ZLxGq1WMi0uigQho8tZcpVElP-WWNyORON5r0zEkk_D-R19NrLsycuVVMuLhq-Ljhrxvidky_TLrFsPt0QQy-4NTdw=w1136-h1418-no?authuser=0\" alt=\"\"\/><\/figure>\n<\/div>\n<\/div>\n\n\n\n<div class=\"wp-block-columns is-layout-flex wp-container-core-columns-is-layout-9d6595d7 wp-block-columns-is-layout-flex\">\n<div class=\"wp-block-column is-layout-flow wp-block-column-is-layout-flow\">\n<figure class=\"wp-block-image size-large\"><img decoding=\"async\" src=\"https:\/\/lh3.googleusercontent.com\/pw\/AJFCJaUgQnoX0HaKj4jyyM1TuI8jOmici27hhf3uIZ5PVT1SMyjR7Ij-b3FMyp_TFmEw0p4ZjjnCvi9MqQd9DGowg7eKKJMbiWrhrYJ77_vsRRGQS0KWPQXfcKZdfilT3rv-FnPdbMSRrVjYNukAP_bPiq0Fdg=w845-h1024-s-no?authuser=0\" alt=\"\"\/><\/figure>\n<\/div>\n\n\n\n<div class=\"wp-block-column is-layout-flow wp-block-column-is-layout-flow\">\n<figure class=\"wp-block-image size-large\"><img decoding=\"async\" src=\"https:\/\/lh3.googleusercontent.com\/pw\/AJFCJaXdx2pJTIS3rCuM_4C0mhmbkAv2DvMcVjU9lcDWBXr0VZ6vhsWP5kxsOgF8lWe6DZj5zoho3GDtc_6WvpTUxldH4eMYct74a9MB8uGeOEdzO6vnK1a5uEcyqn2GJeTO1HP2ssTo72K51RmcQlLqC6OwuA=w768-h1024-s-no?authuser=0\" alt=\"\"\/><\/figure>\n<\/div>\n<\/div>\n\n\n\n<div class=\"wp-block-columns is-layout-flex wp-container-core-columns-is-layout-9d6595d7 wp-block-columns-is-layout-flex\">\n<div class=\"wp-block-column is-layout-flow wp-block-column-is-layout-flow\">\n<p><strong>LEMA:<\/strong> &#8220;La llegenda de Juan Palomo&#8221;.<br><strong>ARTISTE:<\/strong> Paco Torres.<br><strong>SECCI\u00d3:<\/strong> 1era B.<br><strong>PREMIS:<\/strong> <strong>1er. Premi Secci\u00f3 1era B<\/strong> i 3er. Premi Ingeni i Gr\u00e0cia Secci\u00f3 1era B.<\/p>\n<\/div>\n\n\n\n<div class=\"wp-block-column is-layout-flow wp-block-column-is-layout-flow\">\n<p><strong>LEMA:<\/strong> &#8220;\u00bfI tu quina cara tens?&#8221;.<br><strong>ARTISTE:<\/strong> Alejandro Rubio.<br><strong>SECCI\u00d3:<\/strong> 7ima.<br><strong>PREMI:<\/strong> 7im Premi Secci\u00f3 7ima.<\/p>\n<\/div>\n<\/div>\n\n\n\n<h3 class=\"wp-block-heading has-text-align-center\">Falla Bolser\u00eda Tros-Alt<\/h3>\n\n\n\n<div class=\"wp-block-columns is-layout-flex wp-container-core-columns-is-layout-9d6595d7 wp-block-columns-is-layout-flex\">\n<div class=\"wp-block-column is-layout-flow wp-block-column-is-layout-flow\">\n<figure class=\"wp-block-image size-large\"><img decoding=\"async\" src=\"https:\/\/lh3.googleusercontent.com\/pw\/AL9nZEWv3JoVpIHPlWw_TmsKo6JqzBz1Bax_SAOldtoyx1iorEFjXu2W4k8JwfxT_7wdKpzrengW8G0m-C6ORpdWJBm9d5DW4LdYcb6Sf4vSBoTO1jgvhAEwDkOOjOFAIlpx-9NI9wr0iaEKgIVcdpPxYLG6xQ=w1014-h1418-no?authuser=0\" alt=\"\"\/><\/figure>\n<\/div>\n\n\n\n<div class=\"wp-block-column is-layout-flow wp-block-column-is-layout-flow\">\n<figure class=\"wp-block-image size-large\"><img decoding=\"async\" src=\"https:\/\/lh3.googleusercontent.com\/pw\/AL9nZEVPKZbTeGwBsKueT-QupKna836bFU001iM2viVwDBOTkyG6fVZ79q5WI3oUsP-Z03j5JLdhAHZSOjpWyWIegMEtesyaOjZyPpudT2I1qmQw_yag_Xw9PJeUGHsWfZJkPhuRlipCEKRaFlryKs4H4tHqjw=w722-h1024-no?authuser=0\" alt=\"\"\/><\/figure>\n<\/div>\n<\/div>\n\n\n\n<div class=\"wp-block-columns is-layout-flex wp-container-core-columns-is-layout-9d6595d7 wp-block-columns-is-layout-flex\">\n<div class=\"wp-block-column is-layout-flow wp-block-column-is-layout-flow\">\n<figure class=\"wp-block-image size-large\"><img decoding=\"async\" src=\"https:\/\/lh3.googleusercontent.com\/pw\/AJFCJaWbdZKnwfEuHj6iHOiTEYiquYR1m4okGcXEyUvEQGRGV0DId1OwUwgPoFa70u5NwcznS1QVPYboZYfKJCgg6jbnWWfsSsYN8nTBTpEPdC33A_oxefU_bf9JsxRRaH45hmelo2fjdpeWjSems57kTNq6dQ=w768-h1024-s-no?authuser=0\" alt=\"\"\/><\/figure>\n<\/div>\n\n\n\n<div class=\"wp-block-column is-layout-flow wp-block-column-is-layout-flow\">\n<figure class=\"wp-block-image size-large\"><img decoding=\"async\" src=\"https:\/\/lh3.googleusercontent.com\/pw\/AJFCJaU8TlH8TAirkj84bQEPIK19b0K03cgLz1H2UftBEu83CCSpR7Ro-6xc8F1nF0tadp6VEt_PHKuGEeNtnG9jYmO4PRblUkfadD3Pys-37PmO0mnzh8Esn5ZfMm6aTzddOMkGALy2hpHPGL9AIZjNt_YGNw=w768-h1017-s-no?authuser=0\" alt=\"\"\/><\/figure>\n<\/div>\n<\/div>\n\n\n\n<div class=\"wp-block-columns is-layout-flex wp-container-core-columns-is-layout-9d6595d7 wp-block-columns-is-layout-flex\">\n<div class=\"wp-block-column is-layout-flow wp-block-column-is-layout-flow\">\n<p><strong>LEMA:<\/strong> &#8220;Lluitadora&#8221;.<br><strong>ARTISTE:<\/strong> Art en Foc.<br><strong>SECCI\u00d3:<\/strong> 3era A.<br><strong>PREMI:<\/strong> 6xt. Premi Secci\u00f3 3era A.<\/p>\n<\/div>\n\n\n\n<div class=\"wp-block-column is-layout-flow wp-block-column-is-layout-flow\">\n<p><strong>LEMA:<\/strong> &#8220;Quan siga gran vullc ser chiquet&#8221;.<br><strong>ARTISTE:<\/strong> Jugosa Taller Art\u00edstico.<br><strong>SECCI\u00d3:<\/strong> 8ava.<br><strong>PREMIS:<\/strong> 8au. Premi Secci\u00f3 8ava i 2on. Premi Ingeni i Gr\u00e0cia Secci\u00f3 8ava.<\/p>\n<\/div>\n<\/div>\n\n\n\n<h3 class=\"wp-block-heading has-text-align-center\">Falla Quart i Palomar<\/h3>\n\n\n\n<div class=\"wp-block-columns is-layout-flex wp-container-core-columns-is-layout-9d6595d7 wp-block-columns-is-layout-flex\">\n<div class=\"wp-block-column is-layout-flow wp-block-column-is-layout-flow\">\n<figure class=\"wp-block-image size-large\"><img decoding=\"async\" src=\"https:\/\/lh3.googleusercontent.com\/pw\/AL9nZEUrr1K9oqcHUfHyUFu0piZRRhha-VqJH7rfYwMi-AKwwpp77k0bpbeY0ig8R0ONDp0ObWwYIVBiwNcZCW3eULen83Lkzg7PqJJJCPc9jiRlor3ifFVVwpkdDDN6QTDIDKDm56tpqSrub7n2TTWSchvZhA=w1004-h1418-no?authuser=0\" alt=\"\"\/><\/figure>\n<\/div>\n\n\n\n<div class=\"wp-block-column is-layout-flow wp-block-column-is-layout-flow\">\n<figure class=\"wp-block-image size-large\"><img decoding=\"async\" src=\"https:\/\/lh3.googleusercontent.com\/pw\/AL9nZEUJyFo6ADcwmmwZKI7KngUUNxUJ_rmsZNFPA1DArb2q-zaydGoHLo8Gp0IhW1szlyLYoc2fZtJdWZEmI2HxG7KQk8Pgdh52C7pyHN4blHXPtYRbxBLkb3dvYW1N80SpXSgbcfokPUCg3N4o6ZNA5yrefw=w1064-h1418-no?authuser=0\" alt=\"\"\/><\/figure>\n<\/div>\n<\/div>\n\n\n\n<div class=\"wp-block-columns is-layout-flex wp-container-core-columns-is-layout-9d6595d7 wp-block-columns-is-layout-flex\">\n<div class=\"wp-block-column is-layout-flow wp-block-column-is-layout-flow\">\n<figure class=\"wp-block-image size-large\"><img decoding=\"async\" src=\"https:\/\/lh3.googleusercontent.com\/pw\/AJFCJaXzxpyqMcO6UpDOxh7W9tJemq_eDRZqh-DjMqepRO2EndYkYLyjGdkVHJirynJft-UVXTPfRMLgqALVzRJ8kzTHFsGGGltoaEvvt8Hd8-x-iaNOArdq-mFIV6nSa2yL0eCJ0zelQTtxeXKUiRSCvIXo2w=w768-h1024-s-no?authuser=0\" alt=\"\"\/><\/figure>\n<\/div>\n\n\n\n<div class=\"wp-block-column is-layout-flow wp-block-column-is-layout-flow\">\n<figure class=\"wp-block-image size-large\"><img decoding=\"async\" src=\"https:\/\/lh3.googleusercontent.com\/pw\/AP1GczOByNWYQCVQxjm-UrJ_iZcYCEYISkdd6_Vl3pd3SZzAdeoyH8hMw8uWesAcdTKZ2n11zgUWtkKz-xbNwOpxfgCEFx0LGFyHK4IPEyipC-SQOrHpe7POD4UvCbUurJn4hK1Gh_R1Bsj3mTmf8by04-YSOQ=w636-h800-s-no?authuser=0\" alt=\"\"\/><\/figure>\n<\/div>\n<\/div>\n\n\n\n<div class=\"wp-block-columns is-layout-flex wp-container-core-columns-is-layout-9d6595d7 wp-block-columns-is-layout-flex\">\n<div class=\"wp-block-column is-layout-flow wp-block-column-is-layout-flow\">\n<p><strong>LEMA:<\/strong> &#8220;Ciber&#8221;.<br><strong>ARTISTE:<\/strong> Paco Torres.<br><strong>SECCI\u00d3:<\/strong> 1era A.<br><strong>PREMI:<\/strong> 2on. Premi Secci\u00f3 1era A.<\/p>\n<\/div>\n\n\n\n<div class=\"wp-block-column is-layout-flow wp-block-column-is-layout-flow\">\n<p><strong>LEMA:<\/strong> &#8220;Sherlock Holmes i el Scape Room&#8221;.<br><strong>ARTISTE:<\/strong> Falles Carlos Herrero Muria.<br><strong>SECCI\u00d3:<\/strong> 8ava.<br><strong>PREMIS:<\/strong> <strong>1er. Premi Secci\u00f3 8ava <\/strong>i<strong> 1er. Premi Ingeni i Gr\u00e0cia Secci\u00f3 8ava.<\/strong><\/p>\n<\/div>\n<\/div>\n\n\n\n<h3 class=\"wp-block-heading has-text-align-center\">Falla Peu de la Creu &#8211; En Joan de Vilarrasa<\/h3>\n\n\n\n<div class=\"wp-block-columns is-layout-flex wp-container-core-columns-is-layout-9d6595d7 wp-block-columns-is-layout-flex\">\n<div class=\"wp-block-column is-layout-flow wp-block-column-is-layout-flow\">\n<figure class=\"wp-block-image size-large\"><img decoding=\"async\" src=\"https:\/\/lh3.googleusercontent.com\/pw\/AL9nZEXyIYL0WW8WbJ0cUu3oiP0GpOlYdU6qci06pxln2t9GcsfyltShxrzmwNnEE5SslTxkose8-eq3QBSp5pOqMl6KM7QEEuUgVlolC5XtypT-4rTQtcIrJzj62lCcowLVxbeIjVGuYuIHiuW-fi5WJ6T20g=w1004-h1418-no?authuser=0\" alt=\"\"\/><\/figure>\n<\/div>\n\n\n\n<div class=\"wp-block-column is-layout-flow wp-block-column-is-layout-flow\">\n<figure class=\"wp-block-image size-large\"><img decoding=\"async\" src=\"https:\/\/lh3.googleusercontent.com\/pw\/AL9nZEVVYBBX3LN26Fo2O7Ct3tss0rhbvsc5s2sdBP-AYSCv0EI_Aawt4OO7G9vqmafRmrhKaW2LiJqEDQF-0Iz6TzyevbkFuA9p09SPn7tnTy2ktZ7aHnv3_iRHtDeQ6-TvL8qhd8-pHqvp5C85-zoc5IlblQ=w1004-h1418-no?authuser=0\" alt=\"\"\/><\/figure>\n<\/div>\n<\/div>\n\n\n\n<div class=\"wp-block-columns is-layout-flex wp-container-core-columns-is-layout-9d6595d7 wp-block-columns-is-layout-flex\">\n<div class=\"wp-block-column is-layout-flow wp-block-column-is-layout-flow\">\n<figure class=\"wp-block-image size-large\"><img decoding=\"async\" src=\"https:\/\/lh3.googleusercontent.com\/pw\/AJFCJaXViWue5pKmGzIcQ8J15wBqvAOxuo9PfHyVZZpKNwAZEF8KiPLegsNAQYrvkJFTTg1BgUbWCtXHshF93trcEB2oi4CHoQtl6Yop5fqjeAnpmND1JNFqkYVLqk51vXYj4pf7DVr-Ko70crU1Z3la-3nKEA=w1064-h1418-s-no?authuser=0\" alt=\"\"\/><\/figure>\n<\/div>\n\n\n\n<div class=\"wp-block-column is-layout-flow wp-block-column-is-layout-flow\">\n<figure class=\"wp-block-image size-large\"><img decoding=\"async\" src=\"https:\/\/lh3.googleusercontent.com\/pw\/AJFCJaU48YqEU8NBTWBL8bIxJe7o4-6MUqlqAPk7fLwEehkwtWqKBIDyALQAdb4SQ37goIjkVu8sY-AemixUU64eI3AZCL8_PotMNv7DkNEOKEpJZC82gnGYMCtjgMhsjB5w8jLBSgzIX6SR_xjzMCKz_4NGSA=w823-h1024-s-no?authuser=0\" alt=\"\"\/><\/figure>\n<\/div>\n<\/div>\n\n\n\n<div class=\"wp-block-columns is-layout-flex wp-container-core-columns-is-layout-9d6595d7 wp-block-columns-is-layout-flex\">\n<div class=\"wp-block-column is-layout-flow wp-block-column-is-layout-flow\">\n<p><strong>LEMA:<\/strong> &#8220;No \u00e9s temps per a estar a &#8220;soles&#8221;&#8221;.<br><strong>ARTISTE:<\/strong> Ximo Mart\u00ed.<br><strong>SECCI\u00d3:<\/strong> 2ona A.<br><strong>PREMIS:<\/strong> 2on. Premi Secci\u00f3 2ana A i 2on. Premi Ingeni i Gr\u00e0cia Secci\u00f3 2ana A.<\/p>\n<\/div>\n\n\n\n<div class=\"wp-block-column is-layout-flow wp-block-column-is-layout-flow\">\n<p><strong>LEMA:<\/strong> &#8220;De pont en pont&#8221;.<br><strong>ARTISTE:<\/strong> Santi Mu\u00f1oz.<br><strong>SECCI\u00d3:<\/strong> 3era.<br><strong>PREMIS: <\/strong>6xt. Premi Secci\u00f3 3era i 2on. Premi Ingeni i Gr\u00e0cia Secci\u00f3 3era.<\/p>\n<\/div>\n<\/div>\n\n\n\n<h3 class=\"wp-block-heading has-text-align-center\">Falla Pla\u00e7a del Pilar<\/h3>\n\n\n\n<div class=\"wp-block-columns is-layout-flex wp-container-core-columns-is-layout-9d6595d7 wp-block-columns-is-layout-flex\">\n<div class=\"wp-block-column is-layout-flow wp-block-column-is-layout-flow\">\n<figure class=\"wp-block-image size-large\"><img decoding=\"async\" src=\"https:\/\/lh3.googleusercontent.com\/pw\/AL9nZEXzMuSWDIX7YNO_KD-CzIVc0G2g_NId7C2wCq_7DpOZ-Qis2bn8tkMu8kykwMAOk9KvngHxMrqVHo3Vgczz_LFB7eE7e3dPxjF9dbSLW4WnRYt8tO_SuFWfsc2_vobeJL0Mv1hfpDkvY7GgUITnbwdJOg=w1004-h1418-no?authuser=0\" alt=\"\"\/><\/figure>\n<\/div>\n\n\n\n<div class=\"wp-block-column is-layout-flow wp-block-column-is-layout-flow\">\n<figure class=\"wp-block-image size-large\"><img decoding=\"async\" src=\"https:\/\/lh3.googleusercontent.com\/pw\/AL9nZEV_TlWivfnaCkqrzXkdS7zN8uV5E2lZvKRoBmmcFZgrG2bRHLt2dOW_dD7j5yqqiwEv98wHcJI6Yn4Uzg0iwvsVnzQssC9M_yKkXR7cLN236pA9CkI6Rscar9V1xd2q61PL_-nNohl25NQ_rHaWvI4qcg=w1004-h1418-no?authuser=0\" alt=\"\"\/><\/figure>\n<\/div>\n<\/div>\n\n\n\n<div class=\"wp-block-columns is-layout-flex wp-container-core-columns-is-layout-9d6595d7 wp-block-columns-is-layout-flex\">\n<div class=\"wp-block-column is-layout-flow wp-block-column-is-layout-flow\">\n<figure class=\"wp-block-image size-large\"><img decoding=\"async\" src=\"https:\/\/lh3.googleusercontent.com\/pw\/AJFCJaWuXuMLBgCC6qbUpFow5iakngjsfDJHNx4QdI7ocOmUH3Zi_jc4Tz_QMKvsznVq0a9BjADUaKFIFV36dgU3xgqXMD0xSSGCs0g6vBQXlf0-64m-oKormiPZikR9t6eanM5dSNZ8rIMIQCgNHGpx0udgnQ=w1024-h725-s-no?authuser=0\" alt=\"\"\/><\/figure>\n<\/div>\n\n\n\n<div class=\"wp-block-column is-layout-flow wp-block-column-is-layout-flow\">\n<figure class=\"wp-block-image size-large\"><img decoding=\"async\" src=\"https:\/\/lh3.googleusercontent.com\/pw\/AJFCJaXCXU4Q7-Udr2b66JgC21cnnkFgnSJdzNMBVTMJteJ29C_oLRtZJbXAdq0xmmXz_YiYYCDrKxpuPbuPceneDbCadfUq_6-5o4LKZG6HD7lM5XjsWSh1l9PUIBJVrxJ3YlUEQiDfizqh2oU1DxwrKyOaCA=w873-h1024-s-no?authuser=0\" alt=\"\"\/><\/figure>\n<\/div>\n<\/div>\n\n\n\n<div class=\"wp-block-columns is-layout-flex wp-container-core-columns-is-layout-9d6595d7 wp-block-columns-is-layout-flex\">\n<div class=\"wp-block-column is-layout-flow wp-block-column-is-layout-flow\">\n<p><strong>LEMA:<\/strong> &#8220;We Will Survive&#8221;.<br><strong>ARTISTE:<\/strong> Paco Torres.<br><strong>SECCI\u00d3:<\/strong> Especial.<br><strong>PREMI:<\/strong> 2on. Premi Secci\u00f3 Especial.<\/p>\n<\/div>\n\n\n\n<div class=\"wp-block-column is-layout-flow wp-block-column-is-layout-flow\">\n<p><strong>LEMA:<\/strong> &#8220;Cap, \u00bfa on vas?&#8221;.<br><strong>ARTISTE:<\/strong> Taller Art\u00edstico Borja Llorens.<br><strong>SECCI\u00d3:<\/strong> 1era.<br><strong>PREMI:<\/strong> 7im. Premi Secci\u00f3 1era.<\/p>\n<\/div>\n<\/div>\n\n\n\n<h3 class=\"wp-block-heading has-text-align-center\">Falla Guillem de Castro i Triador<\/h3>\n\n\n\n<div class=\"wp-block-columns is-layout-flex wp-container-core-columns-is-layout-9d6595d7 wp-block-columns-is-layout-flex\">\n<div class=\"wp-block-column is-layout-flow wp-block-column-is-layout-flow\">\n<figure class=\"wp-block-image size-large\"><img decoding=\"async\" src=\"https:\/\/lh3.googleusercontent.com\/pw\/AL9nZEWrnCf9BjbmxBVzTEusyBH858_tOmfXJAAXz-tU9D9n2tfF3OXy07CJbX_-U8zdDOzYafFtMlTHfv30ZC2qj5CLjRl8GLUeBU2VjGSQhOkSr_Yvi578KL4iLlNRuKzk6Ux3cf4yfdBcFizEibxufiICzA=w1028-h1418-no?authuser=0\" alt=\"\"\/><\/figure>\n<\/div>\n\n\n\n<div class=\"wp-block-column is-layout-flow wp-block-column-is-layout-flow\">\n<figure class=\"wp-block-image size-large\"><img decoding=\"async\" src=\"https:\/\/lh3.googleusercontent.com\/pw\/AL9nZEV4UCjD8FPjJD_SmBf-6gMNC_p-l7oiTp-iEsrKqJnKUibnwBUYOVP45wTfKOOoCkKqhPuZ67_rH0w6cdDEK9RjbET_a7CHKaldbWlKwLdr913Ic-0MmfbZK12jQF0prcxPXsiQ0tzvb7nVsE1SCZcUEg=w1028-h1418-no?authuser=0\" alt=\"\"\/><\/figure>\n<\/div>\n<\/div>\n\n\n\n<div class=\"wp-block-columns is-layout-flex wp-container-core-columns-is-layout-9d6595d7 wp-block-columns-is-layout-flex\">\n<div class=\"wp-block-column is-layout-flow wp-block-column-is-layout-flow\">\n<figure class=\"wp-block-image size-large\"><img decoding=\"async\" src=\"https:\/\/lh3.googleusercontent.com\/pw\/AJFCJaXEWnIU-VUPM74rhqXpGQY6Hx0lIQ22OEDEm5R1JLDVXZ0hqOk7VAAsQiJqPLNdbWniGRYhQQCdDT_S0UtVBwuWhZMALIamKSDG7qXsOTY7xVQE8IUc5xFDpvZ9z0JnGpqskaM9_a5iG6cb17P70TDEZw=w785-h1024-s-no?authuser=0\" alt=\"\"\/><\/figure>\n<\/div>\n\n\n\n<div class=\"wp-block-column is-layout-flow wp-block-column-is-layout-flow\">\n<figure class=\"wp-block-image size-large\"><img decoding=\"async\" src=\"https:\/\/lh3.googleusercontent.com\/pw\/AJFCJaUxU8cXcyy0Q8nkx0YlbI-mvHKc_NqILOeWYtL7UaRAzpBnpAlzr1KZ-hPKz4h-HPqZyQeMKp06bdv1rOJyzICnDaEYqoFx_e4WC_joobSxI3qBgpVyP079X73VCVssnxPT7Wod6RLeSHN8ycfU1O3L4A=w778-h1024-s-no?authuser=0\" alt=\"\"\/><\/figure>\n<\/div>\n<\/div>\n\n\n\n<div class=\"wp-block-columns is-layout-flex wp-container-core-columns-is-layout-9d6595d7 wp-block-columns-is-layout-flex\">\n<div class=\"wp-block-column is-layout-flow wp-block-column-is-layout-flow\">\n<p><strong>LEMA:<\/strong> &#8220;Praeteritum&#8221;.<br><strong>ARTISTE:<\/strong> Celso Sierra.<br><strong>SECCI\u00d3:<\/strong> 8ava C.<br><strong>PREMIS:<\/strong> <strong>1er. Premi Secci\u00f3 8ava C<\/strong> i 3er. Premi Ingeni i Gr\u00e0cia Secci\u00f3 8ava C.<\/p>\n<\/div>\n\n\n\n<div class=\"wp-block-column is-layout-flow wp-block-column-is-layout-flow\">\n<p><strong>LEMA:<\/strong> &#8220;La mar del nostre voler, convertida en un femer&#8221;.<br><strong>ARTISTE:<\/strong> Celso Sierra.<br><strong>SECCI\u00d3:<\/strong> 22ima.<br><strong>PREMIS:<\/strong> 2on. Premi Secci\u00f3 22ima i <strong>1er. Premi Ingeni i Gr\u00e0cia Secci\u00f3 22ima.<\/strong><\/p>\n<\/div>\n<\/div>\n\n\n\n<h3 class=\"wp-block-heading has-text-align-center\">Falla Sant Vicent &#8211; Periodiste Azzati<\/h3>\n\n\n\n<div class=\"wp-block-columns is-layout-flex wp-container-core-columns-is-layout-9d6595d7 wp-block-columns-is-layout-flex\">\n<div class=\"wp-block-column is-layout-flow wp-block-column-is-layout-flow\">\n<figure class=\"wp-block-image size-large\"><img decoding=\"async\" src=\"https:\/\/lh3.googleusercontent.com\/pw\/AL9nZEWzhhKaJBNEzI5X2e1QRl4XNBoucUbIsQW_iwhGEivUPQgBEweSGSB24fhPvkGLE2pPlBjPoZJXzqb60g8WYhAxQAxRTOu4_rPjQuXgJ2vMXpnUtDE_I3TNCgHNHCaBasj6mi9mqF0_Te8q9eteBhk-Lw=w1242-h1360-no?authuser=0\" alt=\"\"\/><\/figure>\n<\/div>\n\n\n\n<div class=\"wp-block-column is-layout-flow wp-block-column-is-layout-flow\">\n<figure class=\"wp-block-image size-large\"><img decoding=\"async\" src=\"https:\/\/lh3.googleusercontent.com\/pw\/AL9nZEVZjpxTkdzbUnmN4WZYmbi2q4XodndvsjDunXffjPCcK1rWdyrzEH1iSyQdhnMrv6IiWSeJq06R8ioOYbYw1fwKP_YG3s8rctopjYdMf5USQWG4lzhYkrJriwYKKhHbc6USYzVM4XU2v06ZRoonfaLNhA=w872-h1280-no?authuser=0\" alt=\"\"\/><\/figure>\n<\/div>\n<\/div>\n\n\n\n<div class=\"wp-block-columns is-layout-flex wp-container-core-columns-is-layout-9d6595d7 wp-block-columns-is-layout-flex\">\n<div class=\"wp-block-column is-layout-flow wp-block-column-is-layout-flow\">\n<figure class=\"wp-block-image size-large\"><img decoding=\"async\" src=\"https:\/\/lh3.googleusercontent.com\/pw\/AJFCJaXLtlqSmc23S1k0QoJ9f_L1G-nZo_VNIrta_XSEgFJhBSwij5YFPSsi7IyXafyVc0GxBO5v_frGs-dfz0pWUTWXhHv8wsFSR5LljJW5Y_UPH-KZEsYFdKwr235VtUVklViYX-HGZLVP3UKvqh83_1yEaQ=w768-h576-s-no?authuser=0\" alt=\"\"\/><\/figure>\n<\/div>\n\n\n\n<div class=\"wp-block-column is-layout-flow wp-block-column-is-layout-flow\">\n<figure class=\"wp-block-image size-large\"><img decoding=\"async\" src=\"https:\/\/lh3.googleusercontent.com\/pw\/AJFCJaW8R1PVTgM3T4CsWrvRnEbNDBTI-6nn3VVEGBYoOna6LmuYrn6wko8jeVC-tpRtW3-tD0WU_YLu3F8iSym6XIHdtYE7KqY6QjbLAfLwHtKXY5hCCcz8usTZWaqgapr-Ty3weDndYaT9pXtZmsJMiExV-w=w784-h1024-s-no?authuser=0\" alt=\"\"\/><\/figure>\n<\/div>\n<\/div>\n\n\n\n<div class=\"wp-block-columns is-layout-flex wp-container-core-columns-is-layout-9d6595d7 wp-block-columns-is-layout-flex\">\n<div class=\"wp-block-column is-layout-flow wp-block-column-is-layout-flow\">\n<p><strong>LEMA:<\/strong> &#8220;La Gran Batalla&#8221;.<br><strong>ARTISTE:<\/strong> Pau Soler Marchante.<br><strong>SECCI\u00d3:<\/strong> 1era A.<br><strong>PREMI:<\/strong> 10im. Premi Secci\u00f3 1era. A.<\/p>\n<\/div>\n\n\n\n<div class=\"wp-block-column is-layout-flow wp-block-column-is-layout-flow\">\n<p><strong>LEMA:<\/strong> &#8220;Di Capaz&#8221;.<br><strong>ARTISTE:<\/strong> Rub\u00e9n Arcos.<br><strong>SECCI\u00d3:<\/strong> 2ona.<br><strong>PREMIS:<\/strong> 4rt. Premi Secci\u00f3 2ona. i 2on. Premi Ingeni i Gr\u00e0cia Secci\u00f3 2ona.<\/p>\n<\/div>\n<\/div>\n\n\n\n<h3 class=\"wp-block-heading has-text-align-center\">Falla En Sendra &#8211; Pla\u00e7a Coll &#8220;El Tro&#8221;<\/h3>\n\n\n\n<div class=\"wp-block-columns is-layout-flex wp-container-core-columns-is-layout-9d6595d7 wp-block-columns-is-layout-flex\">\n<div class=\"wp-block-column is-layout-flow wp-block-column-is-layout-flow\">\n<figure class=\"wp-block-image size-large\"><img decoding=\"async\" src=\"https:\/\/lh3.googleusercontent.com\/pw\/AL9nZEXJo6CQCZUYMlo3gjdxhRtmxLsHwDQ0ZJkk4fSBibA-ZcnW43sKOvvO25S4g7EXjUC1-JWQNqGzMqyOUHhD2YNudbchZDQpGB1WRlWzsIlQIsmYDy_69T96dTpRFG9e6NhHNFtvr6-932Odgmr-rF4iGA=w1004-h1418-no?authuser=0\" alt=\"\"\/><\/figure>\n<\/div>\n\n\n\n<div class=\"wp-block-column is-layout-flow wp-block-column-is-layout-flow\">\n<figure class=\"wp-block-image size-large\"><img decoding=\"async\" src=\"https:\/\/lh3.googleusercontent.com\/pw\/AL9nZEUVAyS7a5GLBSrNQkiIJ1HgU0qp9MV52p40kwL5f0yts1XUs_eFrvBnu4BIaGB2XHxYDT3OXpFr3MUGtsLk-8p9khzFc0r0cH0_TXdYUjhF_qx8aS_GoeQE2CbaSKZJHj5KRHGjaepS3mmJc9c9mdC7dQ=w2006-h1418-no?authuser=0\" alt=\"\"\/><\/figure>\n<\/div>\n<\/div>\n\n\n\n<div class=\"wp-block-columns is-layout-flex wp-container-core-columns-is-layout-9d6595d7 wp-block-columns-is-layout-flex\">\n<div class=\"wp-block-column is-layout-flow wp-block-column-is-layout-flow\">\n<figure class=\"wp-block-image size-large\"><img decoding=\"async\" src=\"https:\/\/lh3.googleusercontent.com\/pw\/AJFCJaXAl8SCXULDimFAKk-9GDPg48Q8MR0wObMnkvarcz0PZyNlOiodwvp2TERMiVc5xvxMIXI4Ljjmeop2fzFrQujsLsBhIZveChdAhl3-WAVXYu_EcqbJbqVUAP_Gjr0Lbp8YXawWClGwVbi9edzYwHcxUg=w816-h1024-s-no?authuser=0\" alt=\"\"\/><\/figure>\n<\/div>\n\n\n\n<div class=\"wp-block-column is-layout-flow wp-block-column-is-layout-flow\">\n<figure class=\"wp-block-image size-large\"><img decoding=\"async\" src=\"https:\/\/lh3.googleusercontent.com\/pw\/AJFCJaV9-sT8qQ_GbGoiTe8MKybAw1vplwLqlawtb7czRC8_ZKicaQ3rIVJE1BqhExoR5Nh3TiEs09m6wPhZdwz3WOe4Ix3xo5c-GiJqSYwGhNPyu1WIrcJgPwsgWGEd3n18ij0z0See-OcuXE0FthFCKYJS7g=w768-h1024-s-no?authuser=0\" alt=\"\"\/><\/figure>\n<\/div>\n<\/div>\n\n\n\n<div class=\"wp-block-columns is-layout-flex wp-container-core-columns-is-layout-9d6595d7 wp-block-columns-is-layout-flex\">\n<div class=\"wp-block-column is-layout-flow wp-block-column-is-layout-flow\">\n<p><strong>LEMA:<\/strong> &#8220;Nit M\u00e0gica&#8221;.<br><strong>ARTISTE:<\/strong> M\u00aa Teresa Meli\u00e1.<br><strong>SECCI\u00d3:<\/strong> 7ima. C.<br><strong>PREMI:<\/strong> 7im. Premi Secci\u00f3 7ima. C.<\/p>\n<\/div>\n\n\n\n<div class=\"wp-block-column is-layout-flow wp-block-column-is-layout-flow\">\n<p><strong>LEMA:<\/strong> &#8220;Emparellats&#8221;.<br><strong>ARTISTE:<\/strong> M\u00aa Teresa Meli\u00e1.<br><strong>SECCI\u00d3:<\/strong> 21ima.<\/p>\n<\/div>\n<\/div>\n\n\n\n<h3 class=\"wp-block-heading has-text-align-center\">Falla En Plom i Guillem de Castro<\/h3>\n\n\n\n<div class=\"wp-block-columns is-layout-flex wp-container-core-columns-is-layout-9d6595d7 wp-block-columns-is-layout-flex\">\n<div class=\"wp-block-column is-layout-flow wp-block-column-is-layout-flow\">\n<figure class=\"wp-block-image size-large\"><img decoding=\"async\" src=\"https:\/\/lh3.googleusercontent.com\/pw\/AL9nZEWlL-c3pqOrwxFIX_AhY4-yb2_96xG4WPyqk9zX-brbEEThnBgQghaUoIbWYyFti8UAaeQotP_HVHFnAtGxNaqWux7-H4Zu8PcXaVLOppmLWxDBJ-96lC8ZmKTM12eWEhGxASeErGZtQZwSgVjRd5lFdw=w895-h1280-no?authuser=0\" alt=\"\"\/><\/figure>\n<\/div>\n\n\n\n<div class=\"wp-block-column is-layout-flow wp-block-column-is-layout-flow\">\n<figure class=\"wp-block-image size-large\"><img decoding=\"async\" src=\"https:\/\/lh3.googleusercontent.com\/pw\/AL9nZEVSkGUDJ6hQWEHxqgeOKRs2riZNFgFzYUHZMRXkQJ99-9HAUnfO3sLPobHOpj_ubeevewXDbJsyTUAeEUPBJuUU2fpVtjR1byCGajGPLXPeSe8mNq7X5S3YVMoVjcA1Oaw7-LduKq7ENi2npFPOIYwCXA=w1064-h1418-no?authuser=0\" alt=\"\"\/><\/figure>\n<\/div>\n<\/div>\n\n\n\n<div class=\"wp-block-columns is-layout-flex wp-container-core-columns-is-layout-9d6595d7 wp-block-columns-is-layout-flex\">\n<div class=\"wp-block-column is-layout-flow wp-block-column-is-layout-flow\">\n<figure class=\"wp-block-image size-large\"><img decoding=\"async\" src=\"https:\/\/lh3.googleusercontent.com\/pw\/AJFCJaWN3AMo6CqgGlBf-TGpDS-CverUpQpuMGOa9pktbyQ84NcdbIxMI-8NKzoGNtE4Cuu4AqVxxgslTNMA6IZrly4-JkJs6TuLHKdGLqmTd_fTERXzBgOgnFHUFgD5Ob0yghWPzR62CSW-5Mpvr0xJbhJOhg=w750-h1024-s-no?authuser=0\" alt=\"\"\/><\/figure>\n<\/div>\n\n\n\n<div class=\"wp-block-column is-layout-flow wp-block-column-is-layout-flow\">\n<figure class=\"wp-block-image size-large\"><img decoding=\"async\" src=\"https:\/\/lh3.googleusercontent.com\/pw\/AJFCJaXfjNCfkBPtLAUk162RnD3ijhptoaiZ-fvWYB2tcTH_JJvRfDWfYWd3XQxeSF5NsxK__m6Sosh7FcwQsE-_YblZBrteWdsyrebfyiNN1iPwzMMFPu6LgjBc69ggz87hBet8N2DSwG9RvYpwHAZbph3wEg=w768-h1024-s-no?authuser=0\" alt=\"\"\/><\/figure>\n<\/div>\n<\/div>\n\n\n\n<div class=\"wp-block-columns is-layout-flex wp-container-core-columns-is-layout-9d6595d7 wp-block-columns-is-layout-flex\">\n<div class=\"wp-block-column is-layout-flow wp-block-column-is-layout-flow\">\n<p><strong>LEMA:<\/strong> &#8220;En la m\u00fasica en una atra part&#8221;.<br><strong>ARTISTE:<\/strong> \u00d3scar Garc\u00eda.<br><strong>SECCI\u00d3:<\/strong> 6xta. C.<br><strong>PREMI:<\/strong> 7im. Premi Secci\u00f3 6xta. C.<\/p>\n<\/div>\n\n\n\n<div class=\"wp-block-column is-layout-flow wp-block-column-is-layout-flow\">\n<p><strong>LEMA:<\/strong> &#8220;Un any m\u00e9s&#8221;.<br><strong>ARTISTE:<\/strong> Juan A. Navarro Guijarro.<br><strong>SECCI\u00d3:<\/strong> 17ima.<br><strong>PREMI:<\/strong> 4rt. Premi Secci\u00f3 17ima.<\/p>\n<\/div>\n<\/div>\n\n\n\n<h3 class=\"wp-block-heading has-text-align-center\">Falla Guillem Sorolla i Recaredo<\/h3>\n\n\n\n<div class=\"wp-block-columns is-layout-flex wp-container-core-columns-is-layout-9d6595d7 wp-block-columns-is-layout-flex\">\n<div class=\"wp-block-column is-layout-flow wp-block-column-is-layout-flow\">\n<figure class=\"wp-block-image size-large\"><img decoding=\"async\" src=\"https:\/\/lh3.googleusercontent.com\/pw\/AL9nZEVC2AcfcmWd48eYMG0zZVMhrPcGuvJkv23v6YpjUsW03NDMIov2KNQY5IRdtLRUAp_uM9RbfVJ25ZcqHZ_ZpV6lw8nF0sNZJn-NYkBeplARiqFUYQHNJIgit3ZAuShDIyUbjatRpc-mOENybjqYWAeMtQ=w1080-h1329-no?authuser=0\" alt=\"\"\/><\/figure>\n<\/div>\n\n\n\n<div class=\"wp-block-column is-layout-flow wp-block-column-is-layout-flow\">\n<figure class=\"wp-block-image size-large\"><img decoding=\"async\" src=\"https:\/\/lh3.googleusercontent.com\/pw\/AL9nZEVMyR8UyQZqKHLyyYaFEYc2dcLACeyj9qoseMkhjY5oxYHtHSdWKTODbWwuZYUYmrdHL3B1MfyeJkuVWuwrXg6H_UX6D0oTWTgzGsCY4vSxAuoGUiqjrG_OU0OP0eD3f6Vywm80PhRB0Z-mxK65T09toQ=w1080-h1286-no?authuser=0\" alt=\"\"\/><\/figure>\n<\/div>\n<\/div>\n\n\n\n<div class=\"wp-block-columns is-layout-flex wp-container-core-columns-is-layout-9d6595d7 wp-block-columns-is-layout-flex\">\n<div class=\"wp-block-column is-layout-flow wp-block-column-is-layout-flow\">\n<figure class=\"wp-block-image size-large\"><img decoding=\"async\" src=\"https:\/\/lh3.googleusercontent.com\/pw\/AJFCJaWCXgXpEvGO9OFDyPgy6r18K12x4rJ6U6Il18OEOA-GV3_SmGXW_KQDUMbqAVLnLeVyuRREz7h9_X0Ffn7alnLmIY7SEX7wJ5siFVcBcJyNiDGHBRpYpmwPyvpsKHBQjL1ORKEhVo97JDiKbkwXPUA4Vg=w788-h1024-s-no?authuser=0\" alt=\"\"\/><\/figure>\n<\/div>\n\n\n\n<div class=\"wp-block-column is-layout-flow wp-block-column-is-layout-flow\">\n<figure class=\"wp-block-image size-large\"><img decoding=\"async\" src=\"https:\/\/lh3.googleusercontent.com\/pw\/AP1GczNvLecDHNEK_022Nsn-iBsKq59d-OKgz1__JfT5yA2uiTyw5J_xbr4-lk8v1TuZVym08MH52v4MvL_q-A2K5TtCthWiRACUv9_G3aJTjCy6w3tyaiG0ab5uZEor4Wf-a1eiRh8E8Koa92U6GeOUyNzLQA=w642-h800-s-no?authuser=0\" alt=\"\"\/><\/figure>\n<\/div>\n<\/div>\n\n\n\n<div class=\"wp-block-columns is-layout-flex wp-container-core-columns-is-layout-9d6595d7 wp-block-columns-is-layout-flex\">\n<div class=\"wp-block-column is-layout-flow wp-block-column-is-layout-flow\">\n<p><strong>LEMA:<\/strong> &#8220;La Creaci\u00f3&#8221;.<br><strong>ARTISTE:<\/strong> Arte Ef\u00edmero.<br><strong>SECCI\u00d3:<\/strong> 8ava. A.<\/p>\n<\/div>\n\n\n\n<div class=\"wp-block-column is-layout-flow wp-block-column-is-layout-flow\">\n<p><strong>LEMA:<\/strong> &#8220;Llibertat&#8221;.<br><strong>ARTISTE:<\/strong> Alejandro Cano.<br><strong>SECCI\u00d3:<\/strong> 20ima.<\/p>\n<\/div>\n<\/div>\n\n\n\n<h3 class=\"wp-block-heading has-text-align-center\">Falla Ribera &#8211; Convent Santa Clara &#8220;Telef\u00f2nica&#8221;<\/h3>\n\n\n\n<div class=\"wp-block-columns is-layout-flex wp-container-core-columns-is-layout-9d6595d7 wp-block-columns-is-layout-flex\">\n<div class=\"wp-block-column is-layout-flow wp-block-column-is-layout-flow\">\n<figure class=\"wp-block-image size-large\"><img decoding=\"async\" src=\"https:\/\/lh3.googleusercontent.com\/pw\/AL9nZEXc5vSV5HRiqeS9jX15DtUt7iDDG5gbckK6AU72H2cIjbrD07ISbuu13uvVFQv8r7JkmdRkF1b4oxbk-3MlP3LPttakF7cVEJIgYU8gZdLZRWj4FRhtuzJUzzp5kk-2ejPgcMkj-YQ2olEFL8rZugqv9w=w580-h750-no?authuser=0\" alt=\"\"\/><\/figure>\n<\/div>\n\n\n\n<div class=\"wp-block-column is-layout-flow wp-block-column-is-layout-flow\">\n<figure class=\"wp-block-image size-large\"><img decoding=\"async\" src=\"https:\/\/lh3.googleusercontent.com\/pw\/AL9nZEXpPaiCX4bseegaUyRJFKd8U8GO7L3sWJDrOh65UDdQjn66gD0ISdctk9feF-PrS8Ga0vv-1u9M8rpETRSufbtNTcVSZZTZFZoA5O1b5bdgs0bOd3k6xK9vjn-PK9qy3Rlp_02JevlASUc9pjnT-Ay8zw=w1080-h1066-no?authuser=0\" alt=\"\"\/><\/figure>\n<\/div>\n<\/div>\n\n\n\n<div class=\"wp-block-columns is-layout-flex wp-container-core-columns-is-layout-9d6595d7 wp-block-columns-is-layout-flex\">\n<div class=\"wp-block-column is-layout-flow wp-block-column-is-layout-flow\">\n<figure class=\"wp-block-image size-large\"><img decoding=\"async\" src=\"https:\/\/lh3.googleusercontent.com\/pw\/AJFCJaXW3huuBlHFAL3bcmcndTJsK6OqEktvrxsnJWYuX0IZhCNlSVnueSRBDgBM2he2B_ohRn9l_Iv2lx1Q7r6brpSrbvufvpd4VVUfs_6XOPCDoiA29fyE4UllQfZAmZ8lIBYyYu9bL7arcc2Xt9zy9ABQmA=w1024-h833-s-no?authuser=0\" alt=\"\"\/><\/figure>\n<\/div>\n\n\n\n<div class=\"wp-block-column is-layout-flow wp-block-column-is-layout-flow\">\n<figure class=\"wp-block-image size-large\"><img decoding=\"async\" src=\"https:\/\/lh3.googleusercontent.com\/pw\/AJFCJaX1ReMjP_Fq--6S1JhxXUU-rC6xqnbBu_ZkSF4MI04rWAp0Z9bO2Y0LZKQVKGPnZWrDHkQ1rV-H7xFj22cK0veB8IHrencrveU8Re1XiZzJJKlDjEi7mwVac6eJOabBP7OFdQhDUUL_6gxy_OE7fQ5MSg=w895-h1024-s-no?authuser=0\" alt=\"\"\/><\/figure>\n<\/div>\n<\/div>\n\n\n\n<div class=\"wp-block-columns is-layout-flex wp-container-core-columns-is-layout-9d6595d7 wp-block-columns-is-layout-flex\">\n<div class=\"wp-block-column is-layout-flow wp-block-column-is-layout-flow\">\n<p><strong>LEMA:<\/strong> &#8220;Mare&#8221;.<br><strong>ARTISTE:<\/strong> Miguel Santaeulalia Serr\u00e1n.<br><strong>SECCI\u00d3:<\/strong> 1era. A.<br><strong>PREMI:<\/strong> 13er. Premi Secci\u00f3 1era. A.<\/p>\n<\/div>\n\n\n\n<div class=\"wp-block-column is-layout-flow wp-block-column-is-layout-flow\">\n<p><strong>LEMA:<\/strong> &#8220;El meu primer dent&#8221;.<br><strong>ARTISTE:<\/strong> Ra\u00fal Garc\u00eda Pertusa.<br><strong>SECCI\u00d3:<\/strong> 2ona.<br><strong>PREMI:<\/strong> 7im. Premi Secci\u00f3 2ona.<\/p>\n<\/div>\n<\/div>\n\n\n\n<p><\/p>\n","protected":false},"excerpt":{"rendered":"<p>Ac\u00ed teniu els esbossos que es varen presentar en la nostra Agrupaci\u00f3 el 11 de decembre de 2022 en la XI Presentaci\u00f3 d&#8217;Esbossos de l&#8217;Agrupaci\u00f3 i que es plantaran en les nostres demarcacions del 15 al 19 de mar\u00e7 de 2023. Les fotografies pujades de les Falles s\u00f3n de Cendra Digital (moltes gr\u00e0cies pel teu [&hellip;]<\/p>\n","protected":false},"author":6,"featured_media":0,"parent":1111,"menu_order":3,"comment_status":"closed","ping_status":"closed","template":"","meta":{"_monsterinsights_skip_tracking":false,"_monsterinsights_sitenote_active":false,"_monsterinsights_sitenote_note":"","_monsterinsights_sitenote_category":0,"jetpack_post_was_ever_published":false,"footnotes":""},"class_list":["post-9278","page","type-page","status-publish","hentry"],"aioseo_notices":[],"jetpack-related-posts":[{"id":12116,"url":"https:\/\/pilarsantfrancesc.es\/val\/esbossos\/any-2024\/","url_meta":{"origin":9278,"position":0},"title":"Any 2024","author":"imacuchc","date":"30 Novembre, 2023","format":false,"excerpt":"Ac\u00ed teniu els esbossos que es varen presentar en la nostra Agrupaci\u00f3 el 26 de novembre de 2023 en la XII Presentaci\u00f3 d\u2019Esbossos de l\u2019Agrupaci\u00f3 i que se plantaran en les nostres demarcacions del 15 al 19 de mar\u00e7 de 2024. Les fotografies pujades de les Falles s\u00f3n de Cendra\u2026","rel":"","context":"Similar post","block_context":{"text":"Similar post","link":""},"img":{"alt_text":"","src":"","width":0,"height":0},"classes":[]},{"id":1007,"url":"https:\/\/pilarsantfrancesc.es\/val\/esbossos\/any-2020-21\/","url_meta":{"origin":9278,"position":1},"title":"Any 2020+1","author":"imacuchc","date":"26 Decembre, 2019","format":false,"excerpt":"Ac\u00ed teniu els esbossos que es varen presentar en la nostra Agrupaci\u00f3 el 21 de decembre de 2019 en la IX Exposici\u00f3 d\u2019Esbossos de l\u2019Agrupaci\u00f3, que es varen plantar en les nostres demarcacions del 1 al 5 de setembre de 2021: (Fotos de ALEJANDRO VICENT ANDR\u00c9S) i els premis que\u2026","rel":"","context":"Similar post","block_context":{"text":"Similar post","link":""},"img":{"alt_text":"","src":"","width":0,"height":0},"classes":[]},{"id":12638,"url":"https:\/\/pilarsantfrancesc.es\/val\/esbossos\/any-2025\/","url_meta":{"origin":9278,"position":2},"title":"Any 2025","author":"imacuchc","date":"16 Decembre, 2024","format":false,"excerpt":"Ac\u00ed teniu els esbossos que es varen presentar en la nostra Agrupaci\u00f3 el 21 de decembre de 2024 en la XIII Presentaci\u00f3 d'Esbossos de l'Agrupaci\u00f3 i que es plantaran en les nostres demarcacions del 15 al 19 de mar\u00e7 de 2025.En este enlla\u00e7, podeu vore i descarregar-vos un PDF en\u2026","rel":"","context":"Similar post","block_context":{"text":"Similar post","link":""},"img":{"alt_text":"","src":"","width":0,"height":0},"classes":[]},{"id":13412,"url":"https:\/\/pilarsantfrancesc.es\/val\/esbossos\/any-2026\/","url_meta":{"origin":9278,"position":3},"title":"Any 2026","author":"imacuchc","date":"20 Decembre, 2025","format":false,"excerpt":"Ac\u00ed teniu els esbossos que es varen presentar en la nostra Agrupaci\u00f3 el 20 de decembre de 2025 en la XIV Presentaci\u00f3 d'Esbossos de l'Agrupaci\u00f3 i que es plantaran en les nostres demarcacions del 15 al 19 de mar\u00e7 de 2026.En este enlla\u00e7, podeu vore i descarregar-vos un PDF en\u2026","rel":"","context":"Similar post","block_context":{"text":"Similar post","link":""},"img":{"alt_text":"","src":"","width":0,"height":0},"classes":[]},{"id":10508,"url":"https:\/\/pilarsantfrancesc.es\/val\/esbossos\/any-2022\/","url_meta":{"origin":9278,"position":4},"title":"Any 2022","author":"imacuchc","date":"20 Decembre, 2021","format":false,"excerpt":"Ac\u00ed teniu els esbossos que se presentaren en la nostra Agrupaci\u00f3 el 19 de decembre de 2021 en la X Exposici\u00f3 d'Esbossos de l'Agrupaci\u00f3 i que se plantaran en les nostres demarcacions del 15 al 19 de mar\u00e7 de 2022 i els premis obtinguts. Gr\u00e0cies a tots i a totes\u2026","rel":"","context":"Similar post","block_context":{"text":"Similar post","link":""},"img":{"alt_text":"","src":"","width":0,"height":0},"classes":[]},{"id":7265,"url":"https:\/\/pilarsantfrancesc.es\/val\/esbossos\/any-2016\/","url_meta":{"origin":9278,"position":5},"title":"Any 2016","author":"imacuchc","date":"7 Mar\u00e7, 2021","format":false,"excerpt":"Ac\u00ed teniu els esbossos que es varen presentar en la nostra Agrupaci\u00f3 el 27 de novembre de 2015 en la\u00a0V Exposici\u00f3 d'Esbossos de l'Agrupaci\u00f3. I tamb\u00e9 podeu vore les fotografies dels monuments que es varen plantar en les nostres demarcacions del 15 al 19 de mar\u00e7 de 2016: (Fotos de\u00a0CENDRA\u2026","rel":"","context":"Similar post","block_context":{"text":"Similar post","link":""},"img":{"alt_text":"","src":"","width":0,"height":0},"classes":[]}],"jetpack_sharing_enabled":true,"_links":{"self":[{"href":"https:\/\/pilarsantfrancesc.es\/val\/wp-json\/wp\/v2\/pages\/9278","targetHints":{"allow":["GET"]}}],"collection":[{"href":"https:\/\/pilarsantfrancesc.es\/val\/wp-json\/wp\/v2\/pages"}],"about":[{"href":"https:\/\/pilarsantfrancesc.es\/val\/wp-json\/wp\/v2\/types\/page"}],"author":[{"embeddable":true,"href":"https:\/\/pilarsantfrancesc.es\/val\/wp-json\/wp\/v2\/users\/6"}],"replies":[{"embeddable":true,"href":"https:\/\/pilarsantfrancesc.es\/val\/wp-json\/wp\/v2\/comments?post=9278"}],"version-history":[{"count":7,"href":"https:\/\/pilarsantfrancesc.es\/val\/wp-json\/wp\/v2\/pages\/9278\/revisions"}],"predecessor-version":[{"id":12553,"href":"https:\/\/pilarsantfrancesc.es\/val\/wp-json\/wp\/v2\/pages\/9278\/revisions\/12553"}],"up":[{"embeddable":true,"href":"https:\/\/pilarsantfrancesc.es\/val\/wp-json\/wp\/v2\/pages\/1111"}],"wp:attachment":[{"href":"https:\/\/pilarsantfrancesc.es\/val\/wp-json\/wp\/v2\/media?parent=9278"}],"curies":[{"name":"wp","href":"https:\/\/api.w.org\/{rel}","templated":true}]}}